{"id":82,"date":"2025-09-17T17:11:51","date_gmt":"2025-09-17T17:11:51","guid":{"rendered":"https:\/\/lameldelavijoan.cat\/?page_id=82"},"modified":"2026-01-04T14:21:02","modified_gmt":"2026-01-04T14:21:02","slug":"inici","status":"publish","type":"page","link":"https:\/\/lameldelavijoan.cat\/es\/","title":{"rendered":"Inicio"},"content":{"rendered":"<p>[et_pb_section fb_built=&#8221;1&#8243; fullwidth=&#8221;on&#8221; _builder_version=&#8221;4.27.4&#8243; _module_preset=&#8221;default&#8221; global_colors_info=&#8221;{}&#8221;][et_pb_fullwidth_header title=&#8221;Elaborada al Bergued\u00e0&#8221; text_orientation=&#8221;center&#8221; header_fullscreen=&#8221;on&#8221; header_scroll_down=&#8221;on&#8221; scroll_down_icon=&#8221;%%1%%&#8221; button_one_text=&#8221;Productes&#8221; button_one_url=&#8221;#botiga&#8221; button_two_url=&#8221;#visites&#8221; background_overlay_color=&#8221;RGBA(255,255,255,0)&#8221; logo_image_url=&#8221;https:\/\/lameldelavijoan.cat\/wp-content\/uploads\/2025\/09\/Grafics.ai-3.png&#8221; button_two_text_tablet=&#8221;Visites guiades&#8221; button_two_text_phone=&#8221;Visites guiades&#8221; button_two_text_last_edited=&#8221;off|desktop&#8221; _builder_version=&#8221;4.27.5&#8243; _module_preset=&#8221;default&#8221; title_font=&#8221;Abhaya Libre||||||||&#8221; title_font_size=&#8221;47px&#8221; title_line_height=&#8221;2em&#8221; background_image=&#8221;https:\/\/lameldelavijoan.cat\/wp-content\/uploads\/2025\/09\/Disseny-sense-titol-6.png&#8221; custom_button_one=&#8221;on&#8221; button_one_text_color=&#8221;#000000&#8243; button_one_bg_color=&#8221;#f2ce1b&#8221; button_one_border_width=&#8221;1px&#8221; button_one_border_radius=&#8221;5px&#8221; button_one_font=&#8221;Lato|700|||||||&#8221; button_one_icon_placement=&#8221;left&#8221; custom_button_two=&#8221;on&#8221; button_two_text_color=&#8221;#1e0000&#8243; button_two_bg_color=&#8221;#FFFFFF&#8221; button_two_border_width=&#8221;1px&#8221; button_two_border_radius=&#8221;5px&#8221; button_two_font=&#8221;Lato||||||||&#8221; width=&#8221;100%&#8221; custom_margin=&#8221;0px|0px||0px|false|false&#8221; custom_margin_tablet=&#8221;0px|0px||0px|false|false&#8221; custom_margin_phone=&#8221;||||false|false&#8221; custom_margin_last_edited=&#8221;on|phone&#8221; custom_padding=&#8221;0%|0px||0px|false|false&#8221; child_filter_brightness=&#8221;0%&#8221; child_filter_contrast=&#8221;200%&#8221; child_filter_invert=&#8221;100%&#8221; title_font_size_tablet=&#8221;47px&#8221; title_font_size_phone=&#8221;15px&#8221; title_font_size_last_edited=&#8221;on|phone&#8221; button_one_icon_last_edited=&#8221;off|desktop&#8221; custom_css_free_form=&#8221;@media only screen and (max-width: 479px) {||  \/* Solo botones *\/||  selector .et_pb_fullwidth_header_container .header-content a.et_pb_button {||    display: block;                 \/* Para poder centrar con margin auto *\/||    width: max-content;             \/* Mantiene el ancho del bot\u00f3n *\/||    margin: 0 auto 8px auto !important; \/* Centrado + espacio inferior *\/||  }||||  \/* Quita el espacio del \u00faltimo bot\u00f3n *\/||  selector .et_pb_fullwidth_header_container .header-content a.et_pb_button:last-child {||    margin-bottom: 0 !important;||  }||}||||||@media only screen and (max-width: 479px) {||  selector .et_pb_fullwidth_header_container .header-content h1.et_pb_module_header {||    font-size: 28px !important;||    white-space: nowrap !important;       \/* sin salto de l\u00ednea *\/||    display: inline-block !important;     \/* para poder centrar con translate *\/||    position: relative !important;||    left: 50% !important;||    transform: translateX(-50%) !important; \/* centra el propio h1 *\/||    margin: 0 !important;                 \/* no afecta a los botones *\/||  }||}||||&#8221; global_colors_info=&#8221;{}&#8221;][\/et_pb_fullwidth_header][\/et_pb_section][et_pb_section fb_built=&#8221;1&#8243; custom_padding_last_edited=&#8221;on|phone&#8221; module_id=&#8221;quisom&#8221; _builder_version=&#8221;4.27.5&#8243; _module_preset=&#8221;default&#8221; background_color=&#8221;rgba(255,255,255,0.58)&#8221; background_image=&#8221;https:\/\/lameldelavijoan.cat\/wp-content\/uploads\/2025\/09\/PHOTO-2025-09-05-15-47-44.jpg&#8221; background_blend=&#8221;screen&#8221; custom_margin=&#8221;||||false|false&#8221; custom_margin_tablet=&#8221;||||false|false&#8221; custom_margin_phone=&#8221;||-10px||false|false&#8221; custom_margin_last_edited=&#8221;on|phone&#8221; custom_padding=&#8221;37px||4%||false|false&#8221; custom_padding_tablet=&#8221;37px||0px|||&#8221; custom_padding_phone=&#8221;20px||0px||false|false&#8221; global_colors_info=&#8221;{}&#8221;][et_pb_row column_structure=&#8221;2_3,1_3&#8243; _builder_version=&#8221;4.27.4&#8243; _module_preset=&#8221;default&#8221; width=&#8221;90%&#8221; max_width=&#8221;80%&#8221; max_width_tablet=&#8221;90%&#8221; max_width_phone=&#8221;90%&#8221; max_width_last_edited=&#8221;on|desktop&#8221; custom_padding=&#8221;||0px|||&#8221; global_colors_info=&#8221;{}&#8221;][et_pb_column type=&#8221;2_3&#8243; _builder_version=&#8221;4.27.4&#8243; _module_preset=&#8221;default&#8221; global_colors_info=&#8221;{}&#8221;][et_pb_text _builder_version=&#8221;4.27.5&#8243; _module_preset=&#8221;default&#8221; text_font=&#8221;Lato||||||||&#8221; text_text_color=&#8221;#403e3f&#8221; text_font_size=&#8221;16px&#8221; header_font=&#8221;Abhaya Libre||||||||&#8221; header_2_font=&#8221;Abhaya Libre||||||||&#8221; header_2_font_size=&#8221;33px&#8221; custom_margin=&#8221;||1px|||&#8221; hover_enabled=&#8221;0&#8243; global_colors_info=&#8221;{}&#8221; sticky_enabled=&#8221;0&#8243;]<\/p>\n<h2 data-start=\"187\" data-end=\"345\" style=\"text-align: left;\"><strong data-start=\"187\" data-end=\"211\">Un homenatge a l&#8217;avi Joan<\/strong><\/h2>\n<p data-start=\"187\" data-end=\"345\" style=\"text-align: justify;\"><strong data-start=\"187\" data-end=\"211\">La Mel de l\u2019Avi Joan<\/strong> neix com un homenatge a l\u2019Avi Joan, un apicultor apassionat que va transmetre el seu amor per les abelles al seu n\u00e9t, en <strong data-start=\"333\" data-end=\"342\">Sergi<\/strong>.<\/p>\n<p data-start=\"347\" data-end=\"637\" style=\"text-align: justify;\">Des dels sis anys, en Sergi ha crescut envoltat de ruscs, aprenent dia a dia el valor de la natura, la paci\u00e8ncia i el respecte per aquests petits pol\u00b7linitzadors tan imprescindibles. El que va comen\u00e7ar com una passi\u00f3 compartida entre avi i n\u00e9t s\u2019ha convertit amb els anys en una manera de viure.<\/p>\n<div class=\"flex flex-col text-sm pb-25\">\n<article class=\"text-token-text-primary w-full focus:outline-none [--shadow-height:45px] has-data-writing-block:pointer-events-none has-data-writing-block:-mt-(--shadow-height) has-data-writing-block:pt-(--shadow-height) [&amp;:has([data-writing-block])&gt;*]:pointer-events-auto scroll-mt-[calc(var(--header-height)+min(200px,max(70px,20svh)))]\" dir=\"auto\" data-turn-id=\"da552a9d-a1fc-4667-b8af-996480734297\" data-testid=\"conversation-turn-6\" data-scroll-anchor=\"true\" data-turn=\"assistant\" tabindex=\"-1\">\n<div class=\"text-base my-auto mx-auto pb-10 [--thread-content-margin:--spacing(4)] @w-sm\/main:[--thread-content-margin:--spacing(6)] @w-lg\/main:[--thread-content-margin:--spacing(16)] px-(--thread-content-margin)\">\n<div class=\"[--thread-content-max-width:40rem] @w-lg\/main:[--thread-content-max-width:48rem] mx-auto max-w-(--thread-content-max-width) flex-1 group\/turn-messages focus-visible:outline-hidden relative flex w-full min-w-0 flex-col agent-turn\" tabindex=\"-1\">\n<div class=\"flex max-w-full flex-col grow\">\n<div data-message-author-role=\"assistant\" data-message-id=\"5611fcb2-c278-482b-98b5-611363ec434c\" dir=\"auto\" class=\"min-h-8 text-message relative flex w-full flex-col items-end gap-2 text-start break-words whitespace-normal [.text-message+&amp;]:mt-1\" data-message-model-slug=\"gpt-5-2-thinking\">\n<div class=\"flex w-full flex-col gap-1 empty:hidden first:pt-[1px]\">\n<div class=\"streaming-animation markdown prose dark:prose-invert w-full break-words light markdown-new-styling\">\n<p data-start=\"440\" data-end=\"840\" data-is-last-node=\"\" data-is-only-node=\"\" style=\"text-align: justify;\">\n<p data-start=\"440\" data-end=\"840\" data-is-last-node=\"\" data-is-only-node=\"\" style=\"text-align: justify;\">Avui, <strong>La Mel de l\u2019Avi Joan<\/strong> \u00e9s una petita empresa familiar liderada per en Sergi i la Berta, amb prop de <strong>400 caixes d\u2019abelles<\/strong>, on cuidem amb estima i respecte cada rusc. La Berta aporta visi\u00f3 i dedicaci\u00f3 al proc\u00e9s artesanal i a la gesti\u00f3 del projecte. Gr\u00e0cies a aquesta dedicaci\u00f3 conjunta, podem oferir una<strong> mel de qualitat, natural i aut\u00e8ntica<\/strong>, fruit del treball entre les abelles i la nostra fam\u00edlia.<\/p>\n<\/div>\n<\/div>\n<\/div>\n<\/div>\n<\/div>\n<\/div>\n<\/article>\n<\/div>\n<p>[\/et_pb_text][\/et_pb_column][et_pb_column type=&#8221;1_3&#8243; _builder_version=&#8221;4.27.4&#8243; _module_preset=&#8221;default&#8221; global_colors_info=&#8221;{}&#8221;][et_pb_image src=&#8221;https:\/\/lameldelavijoan.cat\/wp-content\/uploads\/2025\/12\/1a8ce0ab-6cf8-451f-acf3-3cf3eb39e3f8-1.webp&#8221; _builder_version=&#8221;4.27.5&#8243; _module_preset=&#8221;default&#8221; border_radii=&#8221;on|3%|3%|3%|3%&#8221; global_colors_info=&#8221;{}&#8221;][\/et_pb_image][\/et_pb_column][\/et_pb_row][\/et_pb_section][et_pb_section fb_built=&#8221;1&#8243; module_id=&#8221;botiga&#8221; _builder_version=&#8221;4.27.5&#8243; _module_preset=&#8221;default&#8221; background_color=&#8221;#eaeaea&#8221; background_image=&#8221;https:\/\/lameldelavijoan.cat\/wp-content\/uploads\/2025\/09\/PHOTO-2025-09-05-15-47-44.jpg&#8221; background_blend=&#8221;screen&#8221; custom_padding=&#8221;37px|||||&#8221; global_colors_info=&#8221;{}&#8221;][et_pb_row _builder_version=&#8221;4.27.5&#8243; _module_preset=&#8221;default&#8221; width=&#8221;92%&#8221; max_width=&#8221;90%&#8221; custom_padding=&#8221;||0px|||&#8221; global_colors_info=&#8221;{}&#8221;][et_pb_column type=&#8221;4_4&#8243; _builder_version=&#8221;4.27.4&#8243; _module_preset=&#8221;default&#8221; global_colors_info=&#8221;{}&#8221;][et_pb_text _builder_version=&#8221;4.27.4&#8243; _module_preset=&#8221;default&#8221; header_font=&#8221;Abhaya Libre||||||||&#8221; header_text_color=&#8221;#403e3f&#8221; header_2_font=&#8221;Abhaya Libre||||||||&#8221; header_2_text_color=&#8221;#403e3f&#8221; header_2_font_size=&#8221;37px&#8221; custom_margin=&#8221;||1px|||&#8221; global_colors_info=&#8221;{}&#8221;]<\/p>\n<h2>Les nostres mels<\/h2>\n<p>[\/et_pb_text][et_pb_shop type=&#8221;product_category&#8221; include_categories=&#8221;38&#8243; columns_number=&#8221;6&#8243; icon_hover_color=&#8221;#403e3f&#8221; hover_overlay_color=&#8221;rgba(255,255,255,0.7)&#8221; hover_icon=&#8221;&#xe050;||divi||400&#8243; show_price=&#8221;off&#8221; show_rating=&#8221;off&#8221; show_sale_badge=&#8221;off&#8221; _builder_version=&#8221;4.27.5&#8243; _module_preset=&#8221;default&#8221; title_font=&#8221;Lato|700|||||||&#8221; title_text_color=&#8221;#403e3f&#8221; title_font_size=&#8221;17px&#8221; border_radii_image=&#8221;on|3%|3%|3%|3%&#8221; global_colors_info=&#8221;{}&#8221;][\/et_pb_shop][\/et_pb_column][\/et_pb_row][et_pb_row _builder_version=&#8221;4.27.5&#8243; _module_preset=&#8221;default&#8221; width=&#8221;90%&#8221; max_width=&#8221;90%&#8221; custom_padding=&#8221;||0px|||&#8221; global_colors_info=&#8221;{}&#8221;][et_pb_column type=&#8221;4_4&#8243; _builder_version=&#8221;4.27.4&#8243; _module_preset=&#8221;default&#8221; global_colors_info=&#8221;{}&#8221;][et_pb_text _builder_version=&#8221;4.27.4&#8243; _module_preset=&#8221;default&#8221; header_font=&#8221;Abhaya Libre||||||||&#8221; header_2_font=&#8221;Abhaya Libre||||||||&#8221; header_2_font_size=&#8221;37px&#8221; custom_margin=&#8221;||1px|||&#8221; global_colors_info=&#8221;{}&#8221;]<\/p>\n<h2>M\u00e9s productes fets per les abelles<\/h2>\n<p>[\/et_pb_text][et_pb_shop type=&#8221;product_category&#8221; include_categories=&#8221;39&#8243; columns_number=&#8221;6&#8243; icon_hover_color=&#8221;#403e3f&#8221; hover_overlay_color=&#8221;rgba(255,255,255,0.7)&#8221; hover_icon=&#8221;&#xe050;||divi||400&#8243; show_price=&#8221;off&#8221; show_rating=&#8221;off&#8221; show_sale_badge=&#8221;off&#8221; _builder_version=&#8221;4.27.5&#8243; _module_preset=&#8221;default&#8221; title_font=&#8221;Lato|700|||||||&#8221; title_text_color=&#8221;#403e3f&#8221; title_font_size=&#8221;17px&#8221; border_radii_image=&#8221;on|3%|3%|3%|3%&#8221; global_colors_info=&#8221;{}&#8221;][\/et_pb_shop][\/et_pb_column][\/et_pb_row][\/et_pb_section][et_pb_section fb_built=&#8221;1&#8243; custom_padding_last_edited=&#8221;on|phone&#8221; disabled_on=&#8221;on|on|on&#8221; module_id=&#8221;quisom&#8221; _builder_version=&#8221;4.27.5&#8243; _module_preset=&#8221;default&#8221; background_color=&#8221;rgba(255,255,255,0.58)&#8221; background_image=&#8221;https:\/\/lameldelavijoan.cat\/wp-content\/uploads\/2025\/09\/PHOTO-2025-09-05-15-47-44.jpg&#8221; background_blend=&#8221;screen&#8221; custom_margin=&#8221;||||false|false&#8221; custom_margin_tablet=&#8221;||||false|false&#8221; custom_margin_phone=&#8221;||-10px||false|false&#8221; custom_margin_last_edited=&#8221;on|phone&#8221; custom_padding=&#8221;37px||0px|||&#8221; custom_padding_tablet=&#8221;37px||0px|||&#8221; custom_padding_phone=&#8221;20px||0px||false|false&#8221; disabled=&#8221;on&#8221; global_colors_info=&#8221;{}&#8221;][et_pb_row custom_padding_last_edited=&#8221;on|phone&#8221; _builder_version=&#8221;4.27.4&#8243; _module_preset=&#8221;default&#8221; width=&#8221;90%&#8221; max_width=&#8221;90%&#8221; custom_padding=&#8221;||0px|||&#8221; custom_padding_tablet=&#8221;||0px|||&#8221; custom_padding_phone=&#8221;5%||0px||false|false&#8221; global_colors_info=&#8221;{}&#8221;][et_pb_column type=&#8221;4_4&#8243; _builder_version=&#8221;4.27.4&#8243; _module_preset=&#8221;default&#8221; global_colors_info=&#8221;{}&#8221;][dipi_text_highlighter text_highlighter_text=&#8221;Sigues apicultor per un dia!&#8221; highlight_shape=&#8221;zigzag&#8221; highlight_animation_start=&#8221;in_loading&#8221; highlight_animation_repeat_mode=&#8221;definite&#8221; highlight_animation_repeat_counts=&#8221;1&#8243; stroke_color=&#8221;#f2d01a&#8221; highlight_line_cap=&#8221;butt&#8221; _builder_version=&#8221;4.27.4&#8243; _module_preset=&#8221;default&#8221; all_text_font=&#8221;Abhaya Libre||||||||&#8221; all_text_text_align=&#8221;center&#8221; all_text_text_color=&#8221;#403e3f&#8221; all_text_font_size=&#8221;38px&#8221; module_alignment=&#8221;center&#8221; custom_margin=&#8221;0px||28px||false|false&#8221; all_text_font_size_tablet=&#8221;38px&#8221; all_text_font_size_phone=&#8221;28px&#8221; all_text_font_size_last_edited=&#8221;on|phone&#8221; global_colors_info=&#8221;{}&#8221; _i=&#8221;0&#8243; _address=&#8221;3.0.0.0&#8243; \/][et_pb_text content_tablet=&#8221;<\/p>\n<p data-start=%22254%22 data-end=%22436%22>A <strong data-start=%22313%22 data-end=%22337%22>La Mel de l\u2019Avi Joan<\/strong> t\u2019oferim una experi\u00e8ncia \u00fanica per viure en primera persona com \u00e9s ser <strong data-start=%22409%22 data-end=%22433%22>apicultor per un dia<\/strong>. Organitzem visites per a <strong data-start=%22463%22 data-end=%22495%22>particulars, escoles i grups<\/strong>, adaptades a totes les edats i interessos.<\/p>\n<p>&#8221; content_phone=&#8221;<\/p>\n<p data-start=%22254%22 data-end=%22436%22>A <strong data-start=%22313%22 data-end=%22337%22>La Mel de l\u2019Avi Joan<\/strong> t\u2019oferim una experi\u00e8ncia \u00fanica per viure en primera persona com \u00e9s ser <strong data-start=%22409%22 data-end=%22433%22>apicultor per un dia<\/strong>. Organitzem visites per a <strong data-start=%22463%22 data-end=%22495%22>particulars, escoles i grups<\/strong>, adaptades a totes les edats i interessos.<\/p>\n<p>&#8221; content_last_edited=&#8221;on|phone&#8221; _builder_version=&#8221;4.27.4&#8243; _module_preset=&#8221;default&#8221; text_font=&#8221;Lato||||||||&#8221; text_text_color=&#8221;#403e3f&#8221; text_font_size=&#8221;16px&#8221; header_font=&#8221;Abhaya Libre||||||||&#8221; header_2_font=&#8221;Abhaya Libre||||||||&#8221; header_2_font_size=&#8221;37px&#8221; text_orientation=&#8221;center&#8221; custom_margin=&#8221;||1px|||&#8221; custom_padding=&#8221;||100px|||&#8221; text_orientation_tablet=&#8221;center&#8221; text_orientation_phone=&#8221;justified&#8221; text_orientation_last_edited=&#8221;on|phone&#8221; global_colors_info=&#8221;{}&#8221;]<\/p>\n<p data-start=\"254\" data-end=\"436\">A <strong data-start=\"313\" data-end=\"337\">La Mel de l\u2019Avi Joan<\/strong> t\u2019oferim una experi\u00e8ncia \u00fanica per viure en primera persona com \u00e9s ser <strong data-start=\"409\" data-end=\"433\">apicultor per un dia<\/strong>.<br \/>Organitzem visites per a <strong data-start=\"463\" data-end=\"495\">particulars, escoles i grups<\/strong>, adaptades a totes les edats i interessos.<\/p>\n<p>[\/et_pb_text][et_pb_button button_text=&#8221;Reserva la teva pla\u00e7a!&#8221; button_alignment=&#8221;center&#8221; disabled_on=&#8221;on|on|on&#8221; _builder_version=&#8221;4.27.5&#8243; _module_preset=&#8221;default&#8221; custom_button=&#8221;on&#8221; button_text_size=&#8221;17px&#8221; button_text_color=&#8221;#403e3f&#8221; button_bg_color=&#8221;#f2ce1b&#8221; button_border_width=&#8221;1px&#8221; custom_margin=&#8221;2%||||false|false&#8221; custom_margin_tablet=&#8221;2%||||false|false&#8221; custom_margin_phone=&#8221;6%||0px||false|false&#8221; custom_margin_last_edited=&#8221;on|phone&#8221; custom_padding=&#8221;||||false|false&#8221; button_text_size_tablet=&#8221;17px&#8221; button_text_size_phone=&#8221;17px&#8221; button_text_size_last_edited=&#8221;on|phone&#8221; disabled=&#8221;on&#8221; global_colors_info=&#8221;{}&#8221; button_bg_color__hover_enabled=&#8221;on|desktop&#8221; button_bg_color__hover=&#8221;#f2dd72&#8243; button_bg_enable_color__hover=&#8221;on&#8221;][\/et_pb_button][\/et_pb_column][\/et_pb_row][et_pb_row disabled_on=&#8221;on|on|on&#8221; _builder_version=&#8221;4.27.5&#8243; _module_preset=&#8221;default&#8221; width=&#8221;90%&#8221; width_tablet=&#8221;100%&#8221; width_phone=&#8221;100%&#8221; width_last_edited=&#8221;on|tablet&#8221; max_width=&#8221;80%&#8221; max_width_tablet=&#8221;100%&#8221; max_width_phone=&#8221;100%&#8221; max_width_last_edited=&#8221;on|tablet&#8221; custom_padding=&#8221;0px||0px|||&#8221; disabled=&#8221;on&#8221; global_colors_info=&#8221;{}&#8221;][et_pb_column type=&#8221;4_4&#8243; _builder_version=&#8221;4.27.4&#8243; _module_preset=&#8221;default&#8221; global_colors_info=&#8221;{}&#8221;][dipi_horizontal_timeline show_card_arrow=&#8221;off&#8221; space_between=&#8221;25&#8243; show_lightbox=&#8221;off&#8221; dynamic_bullets=&#8221;off&#8221; layout=&#8221;top&#8221; line_area_size=&#8221;35px&#8221; use_active_line=&#8221;off&#8221; columns_tablet=&#8221;2&#8243; columns_phone=&#8221;1&#8243; columns_last_edited=&#8221;on|phone&#8221; navigation_phone=&#8221;off&#8221; navigation_last_edited=&#8221;off|desktop&#8221; _builder_version=&#8221;4.27.5&#8243; _module_preset=&#8221;default&#8221; title_font_size=&#8221;1px&#8221; custom_padding=&#8221;0px|||||&#8221; custom_css_free_form=&#8221;@media (min-width: 981px) {||  .dipi_horizontal_timeline .dipi_horizontal_timeline_item .ribbon-ico.ribbon-ico-circle.active,||  .dipi_horizontal_timeline .dipi_horizontal_timeline_item:hover .ribbon-ico.ribbon-ico-circle {||    background-color: #F2F2F2 !important;||  }||}||||@media (min-width: 981px) {|| ||  .dipi_horizontal_timeline .dipi_horizontal_timeline_item:hover .ribbon-ico {||    background-color: #403E3F !important;||  }||}||&#8221; border_color_all_item=&#8221;RGBA(255,255,255,0)&#8221; global_colors_info=&#8221;{}&#8221; _i=&#8221;0&#8243; _address=&#8221;3.1.0.0&#8243; \/][\/et_pb_column][\/et_pb_row][et_pb_row disabled_on=&#8221;off|off|on&#8221; _builder_version=&#8221;4.27.4&#8243; _module_preset=&#8221;default&#8221; width=&#8221;90%&#8221; width_tablet=&#8221;100%&#8221; width_phone=&#8221;100%&#8221; width_last_edited=&#8221;on|tablet&#8221; max_width=&#8221;80%&#8221; max_width_tablet=&#8221;100%&#8221; max_width_phone=&#8221;100%&#8221; max_width_last_edited=&#8221;on|tablet&#8221; custom_margin=&#8221;0px||||false|false&#8221; custom_padding=&#8221;0px||||false|false&#8221; global_colors_info=&#8221;{}&#8221;][et_pb_column type=&#8221;4_4&#8243; _builder_version=&#8221;4.27.4&#8243; _module_preset=&#8221;default&#8221; global_colors_info=&#8221;{}&#8221;][dipi_horizontal_timeline show_card_arrow=&#8221;off&#8221; space_between=&#8221;25&#8243; show_lightbox=&#8221;off&#8221; dynamic_bullets=&#8221;off&#8221; centered=&#8221;on&#8221; layout=&#8221;top&#8221; line_area_size=&#8221;35px&#8221; timeline_active_horizontal_pos=&#8221;47%&#8221; columns_tablet=&#8221;2&#8243; columns_phone=&#8221;1&#8243; columns_last_edited=&#8221;on|phone&#8221; navigation_tablet=&#8221;&#8221; navigation_phone=&#8221;off&#8221; navigation_last_edited=&#8221;on|desktop&#8221; _builder_version=&#8221;4.27.4&#8243; _module_preset=&#8221;default&#8221; custom_margin=&#8221;-4%||-6%||false|false&#8221; custom_padding=&#8221;0px||0px|||&#8221; border_color_all_item=&#8221;RGBA(255,255,255,0)&#8221; global_colors_info=&#8221;{}&#8221; _i=&#8221;0&#8243; _address=&#8221;3.2.0.0&#8243; \/][et_pb_button button_text=&#8221;Reserva la teva pla\u00e7a!&#8221; button_alignment=&#8221;center&#8221; _builder_version=&#8221;4.27.4&#8243; _module_preset=&#8221;default&#8221; custom_button=&#8221;on&#8221; button_text_size=&#8221;17px&#8221; button_text_color=&#8221;#403e3f&#8221; button_bg_color=&#8221;#f2ce1b&#8221; button_border_width=&#8221;1px&#8221; custom_margin=&#8221;||3%||false|false&#8221; custom_margin_tablet=&#8221;0%||||false|false&#8221; custom_margin_phone=&#8221;6%||0px||false|false&#8221; custom_margin_last_edited=&#8221;off|tablet&#8221; custom_padding=&#8221;||||false|false&#8221; button_text_size_tablet=&#8221;17px&#8221; button_text_size_phone=&#8221;17px&#8221; button_text_size_last_edited=&#8221;on|phone&#8221; global_colors_info=&#8221;{}&#8221; button_bg_color__hover_enabled=&#8221;on|desktop&#8221; button_bg_color__hover=&#8221;#f2dd72&#8243; button_bg_enable_color__hover=&#8221;on&#8221;][\/et_pb_button][\/et_pb_column][\/et_pb_row][\/et_pb_section]<\/p>\n","protected":false},"excerpt":{"rendered":"<p>Un homenatge a l&#8217;avi Joan La Mel de l\u2019Avi Joan neix com un homenatge a l\u2019Avi Joan, un apicultor apassionat que va transmetre el seu amor per les abelles al seu n\u00e9t, en Sergi. Des dels sis anys, en Sergi ha crescut envoltat de ruscs, aprenent dia a dia el valor de la natura, la [&hellip;]<\/p>\n","protected":false},"author":1,"featured_media":0,"parent":0,"menu_order":0,"comment_status":"closed","ping_status":"closed","template":"","meta":{"_et_pb_use_builder":"on","_et_pb_old_content":"","_et_gb_content_width":"","footnotes":""},"class_list":["post-82","page","type-page","status-publish","hentry"],"yoast_head":"<!-- This site is optimized with the Yoast SEO plugin v27.5 - https:\/\/yoast.com\/product\/yoast-seo-wordpress\/ -->\n<title>Inici - La Mel de l&#039;Avi Joan<\/title>\n<meta name=\"description\" content=\"La mel de l\u2019avi Joan \u00e9s un homenatge a l\u2019apicultura familiar: en Sergi i la Berta cuiden 400 caixes d\u2019abelles per oferir una mel natural, aut\u00e8ntica i de qualitat.\" \/>\n<meta name=\"robots\" content=\"index, follow, max-snippet:-1, max-image-preview:large, max-video-preview:-1\" \/>\n<link rel=\"canonical\" href=\"https:\/\/lameldelavijoan.cat\/es\/\" \/>\n<meta property=\"og:locale\" content=\"es_ES\" \/>\n<meta property=\"og:type\" content=\"article\" \/>\n<meta property=\"og:title\" content=\"Inici - La Mel de l&#039;Avi Joan\" \/>\n<meta property=\"og:description\" content=\"La mel de l\u2019avi Joan \u00e9s un homenatge a l\u2019apicultura familiar: en Sergi i la Berta cuiden 400 caixes d\u2019abelles per oferir una mel natural, aut\u00e8ntica i de qualitat.\" \/>\n<meta property=\"og:url\" content=\"https:\/\/lameldelavijoan.cat\/es\/\" \/>\n<meta property=\"og:site_name\" content=\"La Mel de l&#039;Avi Joan\" \/>\n<meta property=\"article:modified_time\" content=\"2026-01-04T14:21:02+00:00\" \/>\n<meta property=\"og:image\" content=\"https:\/\/lameldelavijoan.cat\/wp-content\/uploads\/2025\/12\/1a8ce0ab-6cf8-451f-acf3-3cf3eb39e3f8-1.webp\" \/>\n\t<meta property=\"og:image:width\" content=\"1590\" \/>\n\t<meta property=\"og:image:height\" content=\"1328\" \/>\n\t<meta property=\"og:image:type\" content=\"image\/webp\" \/>\n<meta name=\"twitter:card\" content=\"summary_large_image\" \/>\n<meta name=\"twitter:label1\" content=\"Tiempo de lectura\" \/>\n\t<meta name=\"twitter:data1\" content=\"5 minutos\" \/>\n<script type=\"application\/ld+json\" class=\"yoast-schema-graph\">{\"@context\":\"https:\\\/\\\/schema.org\",\"@graph\":[{\"@type\":\"WebPage\",\"@id\":\"https:\\\/\\\/lameldelavijoan.cat\\\/\",\"url\":\"https:\\\/\\\/lameldelavijoan.cat\\\/\",\"name\":\"Inici - La Mel de l&#039;Avi Joan\",\"isPartOf\":{\"@id\":\"https:\\\/\\\/lameldelavijoan.cat\\\/#website\"},\"datePublished\":\"2025-09-17T17:11:51+00:00\",\"dateModified\":\"2026-01-04T14:21:02+00:00\",\"description\":\"La mel de l\u2019avi Joan \u00e9s un homenatge a l\u2019apicultura familiar: en Sergi i la Berta cuiden 400 caixes d\u2019abelles per oferir una mel natural, aut\u00e8ntica i de qualitat.\",\"breadcrumb\":{\"@id\":\"https:\\\/\\\/lameldelavijoan.cat\\\/#breadcrumb\"},\"inLanguage\":\"es\",\"potentialAction\":[{\"@type\":\"ReadAction\",\"target\":[\"https:\\\/\\\/lameldelavijoan.cat\\\/\"]}]},{\"@type\":\"BreadcrumbList\",\"@id\":\"https:\\\/\\\/lameldelavijoan.cat\\\/#breadcrumb\",\"itemListElement\":[{\"@type\":\"ListItem\",\"position\":1,\"name\":\"Home\",\"item\":\"https:\\\/\\\/lameldelavijoan.cat\\\/\"},{\"@type\":\"ListItem\",\"position\":2,\"name\":\"Inici\"}]},{\"@type\":\"WebSite\",\"@id\":\"https:\\\/\\\/lameldelavijoan.cat\\\/#website\",\"url\":\"https:\\\/\\\/lameldelavijoan.cat\\\/\",\"name\":\"La Mel de l'Avi Joan\",\"description\":\"La Mel de l&#039;Avi Joan - Mel artesana del Bergued\u00e0\",\"publisher\":{\"@id\":\"https:\\\/\\\/lameldelavijoan.cat\\\/#organization\"},\"alternateName\":\"La Mel de l'Avi Joan\",\"potentialAction\":[{\"@type\":\"SearchAction\",\"target\":{\"@type\":\"EntryPoint\",\"urlTemplate\":\"https:\\\/\\\/lameldelavijoan.cat\\\/?s={search_term_string}\"},\"query-input\":{\"@type\":\"PropertyValueSpecification\",\"valueRequired\":true,\"valueName\":\"search_term_string\"}}],\"inLanguage\":\"es\"},{\"@type\":\"Organization\",\"@id\":\"https:\\\/\\\/lameldelavijoan.cat\\\/#organization\",\"name\":\"La Mel de l'Avi Joan\",\"url\":\"https:\\\/\\\/lameldelavijoan.cat\\\/\",\"logo\":{\"@type\":\"ImageObject\",\"inLanguage\":\"es\",\"@id\":\"https:\\\/\\\/lameldelavijoan.cat\\\/#\\\/schema\\\/logo\\\/image\\\/\",\"url\":\"https:\\\/\\\/lameldelavijoan.cat\\\/wp-content\\\/uploads\\\/2025\\\/09\\\/Grafics.ai-3.png\",\"contentUrl\":\"https:\\\/\\\/lameldelavijoan.cat\\\/wp-content\\\/uploads\\\/2025\\\/09\\\/Grafics.ai-3.png\",\"width\":84,\"height\":74,\"caption\":\"La Mel de l'Avi Joan\"},\"image\":{\"@id\":\"https:\\\/\\\/lameldelavijoan.cat\\\/#\\\/schema\\\/logo\\\/image\\\/\"}}]}<\/script>\n<!-- \/ Yoast SEO plugin. -->","yoast_head_json":{"title":"Inici - La Mel de l&#039;Avi Joan","description":"La mel de l\u2019avi Joan \u00e9s un homenatge a l\u2019apicultura familiar: en Sergi i la Berta cuiden 400 caixes d\u2019abelles per oferir una mel natural, aut\u00e8ntica i de qualitat.","robots":{"index":"index","follow":"follow","max-snippet":"max-snippet:-1","max-image-preview":"max-image-preview:large","max-video-preview":"max-video-preview:-1"},"canonical":"https:\/\/lameldelavijoan.cat\/es\/","og_locale":"es_ES","og_type":"article","og_title":"Inici - La Mel de l&#039;Avi Joan","og_description":"La mel de l\u2019avi Joan \u00e9s un homenatge a l\u2019apicultura familiar: en Sergi i la Berta cuiden 400 caixes d\u2019abelles per oferir una mel natural, aut\u00e8ntica i de qualitat.","og_url":"https:\/\/lameldelavijoan.cat\/es\/","og_site_name":"La Mel de l&#039;Avi Joan","article_modified_time":"2026-01-04T14:21:02+00:00","og_image":[{"width":1590,"height":1328,"url":"https:\/\/lameldelavijoan.cat\/wp-content\/uploads\/2025\/12\/1a8ce0ab-6cf8-451f-acf3-3cf3eb39e3f8-1.webp","type":"image\/webp"}],"twitter_card":"summary_large_image","twitter_misc":{"Tiempo de lectura":"5 minutos"},"schema":{"@context":"https:\/\/schema.org","@graph":[{"@type":"WebPage","@id":"https:\/\/lameldelavijoan.cat\/","url":"https:\/\/lameldelavijoan.cat\/","name":"Inici - La Mel de l&#039;Avi Joan","isPartOf":{"@id":"https:\/\/lameldelavijoan.cat\/#website"},"datePublished":"2025-09-17T17:11:51+00:00","dateModified":"2026-01-04T14:21:02+00:00","description":"La mel de l\u2019avi Joan \u00e9s un homenatge a l\u2019apicultura familiar: en Sergi i la Berta cuiden 400 caixes d\u2019abelles per oferir una mel natural, aut\u00e8ntica i de qualitat.","breadcrumb":{"@id":"https:\/\/lameldelavijoan.cat\/#breadcrumb"},"inLanguage":"es","potentialAction":[{"@type":"ReadAction","target":["https:\/\/lameldelavijoan.cat\/"]}]},{"@type":"BreadcrumbList","@id":"https:\/\/lameldelavijoan.cat\/#breadcrumb","itemListElement":[{"@type":"ListItem","position":1,"name":"Home","item":"https:\/\/lameldelavijoan.cat\/"},{"@type":"ListItem","position":2,"name":"Inici"}]},{"@type":"WebSite","@id":"https:\/\/lameldelavijoan.cat\/#website","url":"https:\/\/lameldelavijoan.cat\/","name":"La Mel de l'Avi Joan","description":"La Mel de l&#039;Avi Joan - Mel artesana del Bergued\u00e0","publisher":{"@id":"https:\/\/lameldelavijoan.cat\/#organization"},"alternateName":"La Mel de l'Avi Joan","potentialAction":[{"@type":"SearchAction","target":{"@type":"EntryPoint","urlTemplate":"https:\/\/lameldelavijoan.cat\/?s={search_term_string}"},"query-input":{"@type":"PropertyValueSpecification","valueRequired":true,"valueName":"search_term_string"}}],"inLanguage":"es"},{"@type":"Organization","@id":"https:\/\/lameldelavijoan.cat\/#organization","name":"La Mel de l'Avi Joan","url":"https:\/\/lameldelavijoan.cat\/","logo":{"@type":"ImageObject","inLanguage":"es","@id":"https:\/\/lameldelavijoan.cat\/#\/schema\/logo\/image\/","url":"https:\/\/lameldelavijoan.cat\/wp-content\/uploads\/2025\/09\/Grafics.ai-3.png","contentUrl":"https:\/\/lameldelavijoan.cat\/wp-content\/uploads\/2025\/09\/Grafics.ai-3.png","width":84,"height":74,"caption":"La Mel de l'Avi Joan"},"image":{"@id":"https:\/\/lameldelavijoan.cat\/#\/schema\/logo\/image\/"}}]}},"_links":{"self":[{"href":"https:\/\/lameldelavijoan.cat\/es\/wp-json\/wp\/v2\/pages\/82","targetHints":{"allow":["GET"]}}],"collection":[{"href":"https:\/\/lameldelavijoan.cat\/es\/wp-json\/wp\/v2\/pages"}],"about":[{"href":"https:\/\/lameldelavijoan.cat\/es\/wp-json\/wp\/v2\/types\/page"}],"author":[{"embeddable":true,"href":"https:\/\/lameldelavijoan.cat\/es\/wp-json\/wp\/v2\/users\/1"}],"replies":[{"embeddable":true,"href":"https:\/\/lameldelavijoan.cat\/es\/wp-json\/wp\/v2\/comments?post=82"}],"version-history":[{"count":19,"href":"https:\/\/lameldelavijoan.cat\/es\/wp-json\/wp\/v2\/pages\/82\/revisions"}],"predecessor-version":[{"id":25975197,"href":"https:\/\/lameldelavijoan.cat\/es\/wp-json\/wp\/v2\/pages\/82\/revisions\/25975197"}],"wp:attachment":[{"href":"https:\/\/lameldelavijoan.cat\/es\/wp-json\/wp\/v2\/media?parent=82"}],"curies":[{"name":"wp","href":"https:\/\/api.w.org\/{rel}","templated":true}]}}