{"id":110,"date":"2025-09-17T17:33:29","date_gmt":"2025-09-17T17:33:29","guid":{"rendered":"https:\/\/lameldelavijoan.cat\/?post_type=product&#038;p=110"},"modified":"2025-12-20T09:30:52","modified_gmt":"2025-12-20T09:30:52","slug":"mel-de-flors","status":"publish","type":"product","link":"https:\/\/lameldelavijoan.cat\/es\/producto\/mel-de-flors\/","title":{"rendered":"Miel de flores"},"content":{"rendered":"<h3 data-start=\"227\" data-end=\"270\">Autenticitat del Pirineu i Prepirineu<\/h3>\n<p data-start=\"271\" data-end=\"763\">La <strong data-start=\"274\" data-end=\"315\">mel de flors del Pirineu i Prepirineu<\/strong> \u00e9s un producte natural que recull la biodiversitat de la muntanya catalana. A <strong data-start=\"394\" data-end=\"418\">La Mel de l\u2019Avi Joan<\/strong> treballem de manera artesana, respectant el ritme de les abelles i collint la mel durant la primavera i l\u2019estiu, quan els prats i boscos s\u00f3n m\u00e9s florits.<\/p>\n<hr data-start=\"765\" data-end=\"768\" \/>\n<h3 data-start=\"770\" data-end=\"811\">Caracter\u00edstiques de la mel de flors<\/h3>\n<p data-start=\"812\" data-end=\"886\">De color daurat ambre i amb reflexos brillants, aquesta mel destaca per:<\/p>\n<ul data-start=\"887\" data-end=\"1138\">\n<li data-start=\"887\" data-end=\"972\">\n<p data-start=\"889\" data-end=\"972\"><strong data-start=\"889\" data-end=\"898\">Aroma<\/strong>: floral fresc i persistent, amb matisos herbacis propis de la muntanya.<\/p>\n<\/li>\n<li data-start=\"973\" data-end=\"1042\">\n<p data-start=\"975\" data-end=\"1042\"><strong data-start=\"975\" data-end=\"983\">Gust<\/strong>: dol\u00e7 equilibrat i suau, amb un final llarg i agradable.<\/p>\n<\/li>\n<li data-start=\"1043\" data-end=\"1138\">\n<p data-start=\"1045\" data-end=\"1138\"><strong data-start=\"1045\" data-end=\"1056\">Textura<\/strong>: suau i cremosa, f\u00e0cil de degustar i perfecta per acompanyar aliments naturals.<\/p>\n<\/li>\n<\/ul>\n<p data-start=\"1140\" data-end=\"1237\">A m\u00e9s, \u00e9s una mel que cristal\u00b7litza de forma natural, signe de la seva qualitat i autenticitat.<\/p>\n<hr data-start=\"1239\" data-end=\"1242\" \/>\n<h3 data-start=\"1244\" data-end=\"1281\">Propietats i beneficis naturals<\/h3>\n<p data-start=\"1282\" data-end=\"1671\">La <strong data-start=\"1285\" data-end=\"1325\">mel de flors de La Mel de l\u2019Avi Joan<\/strong> \u00e9s molt m\u00e9s que un dol\u00e7 natural: \u00e9s una font d\u2019energia i nutrients. Rica en minerals i antioxidants, ajuda a la digesti\u00f3, refor\u00e7a el sistema immunitari i \u00e9s ideal per comen\u00e7ar el dia amb vitalitat. Acompanyant infusions, formatges o esmorzars, \u00e9s un aliment saludable i vers\u00e0til que connecta directament amb la natura del Pirineu i Prepirineu.<\/p>","protected":false},"excerpt":{"rendered":"<p data-start=\"72\" data-end=\"308\">La<strong> miel de flores<\/strong> del Pirineo y Prepirineo recoge la biodiversidad de la monta\u00f1a catalana. Producida en primavera y verano, es una miel cruda, pura y de alta calidad, con el car\u00e1cter fresco y aut\u00e9ntico de los paisajes de alta monta\u00f1a.<\/p>","protected":false},"featured_media":25974708,"template":"","meta":{"_et_pb_use_builder":"","_et_pb_old_content":"","_et_gb_content_width":""},"product_brand":[],"product_cat":[38],"product_tag":[],"class_list":{"0":"post-110","1":"product","2":"type-product","3":"status-publish","4":"has-post-thumbnail","6":"product_cat-mel","8":"first","9":"instock","10":"shipping-taxable","11":"purchasable","12":"product-type-variable"},"yoast_head":"<!-- This site is optimized with the Yoast SEO plugin v27.5 - https:\/\/yoast.com\/product\/yoast-seo-wordpress\/ -->\n<title>Mel de flors - La Mel de l&#039;Avi Joan<\/title>\n<meta name=\"description\" content=\"Mel de flors del Pirineu i Prepirineu de La Mel de l\u2019Avi Joan, collida a la primavera i l\u2019estiu. Pura, d\u2019alta qualitat i amb gust aut\u00e8ntic de la muntanya.\" \/>\n<meta name=\"robots\" content=\"index, follow, max-snippet:-1, max-image-preview:large, max-video-preview:-1\" \/>\n<link rel=\"canonical\" href=\"https:\/\/lameldelavijoan.cat\/es\/producto\/mel-de-flors\/\" \/>\n<meta property=\"og:locale\" content=\"es_ES\" \/>\n<meta property=\"og:type\" content=\"article\" \/>\n<meta property=\"og:title\" content=\"Mel de flors - La Mel de l&#039;Avi Joan\" \/>\n<meta property=\"og:description\" content=\"Mel de flors del Pirineu i Prepirineu de La Mel de l\u2019Avi Joan, collida a la primavera i l\u2019estiu. Pura, d\u2019alta qualitat i amb gust aut\u00e8ntic de la muntanya.\" \/>\n<meta property=\"og:url\" content=\"https:\/\/lameldelavijoan.cat\/es\/producto\/mel-de-flors\/\" \/>\n<meta property=\"og:site_name\" content=\"La Mel de l&#039;Avi Joan\" \/>\n<meta property=\"article:modified_time\" content=\"2025-12-20T09:30:52+00:00\" \/>\n<meta property=\"og:image\" content=\"https:\/\/lameldelavijoan.cat\/wp-content\/uploads\/2025\/09\/Disseny-sense-titol-9.png\" \/>\n\t<meta property=\"og:image:width\" content=\"600\" \/>\n\t<meta property=\"og:image:height\" content=\"600\" \/>\n\t<meta property=\"og:image:type\" content=\"image\/png\" \/>\n<meta name=\"twitter:card\" content=\"summary_large_image\" \/>\n<meta name=\"twitter:label1\" content=\"Disponibilidad\" \/>\n\t<meta name=\"twitter:data1\" content=\"Disponible\" \/>\n<script type=\"application\/ld+json\" class=\"yoast-schema-graph\">{\"@context\":\"https:\\\/\\\/schema.org\",\"@graph\":[{\"@type\":\"WebPage\",\"@id\":\"https:\\\/\\\/lameldelavijoan.cat\\\/producte\\\/mel-de-flors\\\/\",\"url\":\"https:\\\/\\\/lameldelavijoan.cat\\\/producte\\\/mel-de-flors\\\/\",\"name\":\"Mel de flors - La Mel de l&#039;Avi Joan\",\"isPartOf\":{\"@id\":\"https:\\\/\\\/lameldelavijoan.cat\\\/#website\"},\"primaryImageOfPage\":{\"@id\":\"https:\\\/\\\/lameldelavijoan.cat\\\/producte\\\/mel-de-flors\\\/#primaryimage\"},\"image\":{\"@id\":\"https:\\\/\\\/lameldelavijoan.cat\\\/producte\\\/mel-de-flors\\\/#primaryimage\"},\"thumbnailUrl\":\"https:\\\/\\\/lameldelavijoan.cat\\\/wp-content\\\/uploads\\\/2025\\\/09\\\/Disseny-sense-titol-9.png\",\"datePublished\":\"2025-09-17T17:33:29+00:00\",\"dateModified\":\"2025-12-20T09:30:52+00:00\",\"description\":\"Mel de flors del Pirineu i Prepirineu de La Mel de l\u2019Avi Joan, collida a la primavera i l\u2019estiu. Pura, d\u2019alta qualitat i amb gust aut\u00e8ntic de la muntanya.\",\"breadcrumb\":{\"@id\":\"https:\\\/\\\/lameldelavijoan.cat\\\/producte\\\/mel-de-flors\\\/#breadcrumb\"},\"inLanguage\":\"es\",\"potentialAction\":[{\"@type\":\"ReadAction\",\"target\":[\"https:\\\/\\\/lameldelavijoan.cat\\\/producte\\\/mel-de-flors\\\/\"]}]},{\"@type\":\"ImageObject\",\"inLanguage\":\"es\",\"@id\":\"https:\\\/\\\/lameldelavijoan.cat\\\/producte\\\/mel-de-flors\\\/#primaryimage\",\"url\":\"https:\\\/\\\/lameldelavijoan.cat\\\/wp-content\\\/uploads\\\/2025\\\/09\\\/Disseny-sense-titol-9.png\",\"contentUrl\":\"https:\\\/\\\/lameldelavijoan.cat\\\/wp-content\\\/uploads\\\/2025\\\/09\\\/Disseny-sense-titol-9.png\",\"width\":600,\"height\":600},{\"@type\":\"BreadcrumbList\",\"@id\":\"https:\\\/\\\/lameldelavijoan.cat\\\/producte\\\/mel-de-flors\\\/#breadcrumb\",\"itemListElement\":[{\"@type\":\"ListItem\",\"position\":1,\"name\":\"Home\",\"item\":\"https:\\\/\\\/lameldelavijoan.cat\\\/\"},{\"@type\":\"ListItem\",\"position\":2,\"name\":\"Productes\",\"item\":\"https:\\\/\\\/lameldelavijoan.cat\\\/botiga\\\/\"},{\"@type\":\"ListItem\",\"position\":3,\"name\":\"Mel de flors\"}]},{\"@type\":\"WebSite\",\"@id\":\"https:\\\/\\\/lameldelavijoan.cat\\\/#website\",\"url\":\"https:\\\/\\\/lameldelavijoan.cat\\\/\",\"name\":\"La Mel de l'Avi Joan\",\"description\":\"La Mel de l&#039;Avi Joan - Mel artesana del Bergued\u00e0\",\"publisher\":{\"@id\":\"https:\\\/\\\/lameldelavijoan.cat\\\/#organization\"},\"alternateName\":\"La Mel de l'Avi Joan\",\"potentialAction\":[{\"@type\":\"SearchAction\",\"target\":{\"@type\":\"EntryPoint\",\"urlTemplate\":\"https:\\\/\\\/lameldelavijoan.cat\\\/?s={search_term_string}\"},\"query-input\":{\"@type\":\"PropertyValueSpecification\",\"valueRequired\":true,\"valueName\":\"search_term_string\"}}],\"inLanguage\":\"es\"},{\"@type\":\"Organization\",\"@id\":\"https:\\\/\\\/lameldelavijoan.cat\\\/#organization\",\"name\":\"La Mel de l'Avi Joan\",\"url\":\"https:\\\/\\\/lameldelavijoan.cat\\\/\",\"logo\":{\"@type\":\"ImageObject\",\"inLanguage\":\"es\",\"@id\":\"https:\\\/\\\/lameldelavijoan.cat\\\/#\\\/schema\\\/logo\\\/image\\\/\",\"url\":\"https:\\\/\\\/lameldelavijoan.cat\\\/wp-content\\\/uploads\\\/2025\\\/09\\\/Grafics.ai-3.png\",\"contentUrl\":\"https:\\\/\\\/lameldelavijoan.cat\\\/wp-content\\\/uploads\\\/2025\\\/09\\\/Grafics.ai-3.png\",\"width\":84,\"height\":74,\"caption\":\"La Mel de l'Avi Joan\"},\"image\":{\"@id\":\"https:\\\/\\\/lameldelavijoan.cat\\\/#\\\/schema\\\/logo\\\/image\\\/\"}}]}<\/script>\n<meta property=\"og:availability\" content=\"instock\" \/>\n<meta property=\"product:availability\" content=\"instock\" \/>\n<meta property=\"product:condition\" content=\"new\" \/>\n<!-- \/ Yoast SEO plugin. -->","yoast_head_json":{"title":"Mel de flors - La Mel de l&#039;Avi Joan","description":"Mel de flors del Pirineu i Prepirineu de La Mel de l\u2019Avi Joan, collida a la primavera i l\u2019estiu. Pura, d\u2019alta qualitat i amb gust aut\u00e8ntic de la muntanya.","robots":{"index":"index","follow":"follow","max-snippet":"max-snippet:-1","max-image-preview":"max-image-preview:large","max-video-preview":"max-video-preview:-1"},"canonical":"https:\/\/lameldelavijoan.cat\/es\/producto\/mel-de-flors\/","og_locale":"es_ES","og_type":"article","og_title":"Mel de flors - La Mel de l&#039;Avi Joan","og_description":"Mel de flors del Pirineu i Prepirineu de La Mel de l\u2019Avi Joan, collida a la primavera i l\u2019estiu. Pura, d\u2019alta qualitat i amb gust aut\u00e8ntic de la muntanya.","og_url":"https:\/\/lameldelavijoan.cat\/es\/producto\/mel-de-flors\/","og_site_name":"La Mel de l&#039;Avi Joan","article_modified_time":"2025-12-20T09:30:52+00:00","og_image":[{"width":600,"height":600,"url":"https:\/\/lameldelavijoan.cat\/wp-content\/uploads\/2025\/09\/Disseny-sense-titol-9.png","type":"image\/png"}],"twitter_card":"summary_large_image","twitter_misc":{"Disponibilidad":"Disponible"},"schema":{"@context":"https:\/\/schema.org","@graph":[{"@type":"WebPage","@id":"https:\/\/lameldelavijoan.cat\/producte\/mel-de-flors\/","url":"https:\/\/lameldelavijoan.cat\/producte\/mel-de-flors\/","name":"Mel de flors - La Mel de l&#039;Avi Joan","isPartOf":{"@id":"https:\/\/lameldelavijoan.cat\/#website"},"primaryImageOfPage":{"@id":"https:\/\/lameldelavijoan.cat\/producte\/mel-de-flors\/#primaryimage"},"image":{"@id":"https:\/\/lameldelavijoan.cat\/producte\/mel-de-flors\/#primaryimage"},"thumbnailUrl":"https:\/\/lameldelavijoan.cat\/wp-content\/uploads\/2025\/09\/Disseny-sense-titol-9.png","datePublished":"2025-09-17T17:33:29+00:00","dateModified":"2025-12-20T09:30:52+00:00","description":"Mel de flors del Pirineu i Prepirineu de La Mel de l\u2019Avi Joan, collida a la primavera i l\u2019estiu. Pura, d\u2019alta qualitat i amb gust aut\u00e8ntic de la muntanya.","breadcrumb":{"@id":"https:\/\/lameldelavijoan.cat\/producte\/mel-de-flors\/#breadcrumb"},"inLanguage":"es","potentialAction":[{"@type":"ReadAction","target":["https:\/\/lameldelavijoan.cat\/producte\/mel-de-flors\/"]}]},{"@type":"ImageObject","inLanguage":"es","@id":"https:\/\/lameldelavijoan.cat\/producte\/mel-de-flors\/#primaryimage","url":"https:\/\/lameldelavijoan.cat\/wp-content\/uploads\/2025\/09\/Disseny-sense-titol-9.png","contentUrl":"https:\/\/lameldelavijoan.cat\/wp-content\/uploads\/2025\/09\/Disseny-sense-titol-9.png","width":600,"height":600},{"@type":"BreadcrumbList","@id":"https:\/\/lameldelavijoan.cat\/producte\/mel-de-flors\/#breadcrumb","itemListElement":[{"@type":"ListItem","position":1,"name":"Home","item":"https:\/\/lameldelavijoan.cat\/"},{"@type":"ListItem","position":2,"name":"Productes","item":"https:\/\/lameldelavijoan.cat\/botiga\/"},{"@type":"ListItem","position":3,"name":"Mel de flors"}]},{"@type":"WebSite","@id":"https:\/\/lameldelavijoan.cat\/#website","url":"https:\/\/lameldelavijoan.cat\/","name":"La Mel de l'Avi Joan","description":"La Mel de l&#039;Avi Joan - Mel artesana del Bergued\u00e0","publisher":{"@id":"https:\/\/lameldelavijoan.cat\/#organization"},"alternateName":"La Mel de l'Avi Joan","potentialAction":[{"@type":"SearchAction","target":{"@type":"EntryPoint","urlTemplate":"https:\/\/lameldelavijoan.cat\/?s={search_term_string}"},"query-input":{"@type":"PropertyValueSpecification","valueRequired":true,"valueName":"search_term_string"}}],"inLanguage":"es"},{"@type":"Organization","@id":"https:\/\/lameldelavijoan.cat\/#organization","name":"La Mel de l'Avi Joan","url":"https:\/\/lameldelavijoan.cat\/","logo":{"@type":"ImageObject","inLanguage":"es","@id":"https:\/\/lameldelavijoan.cat\/#\/schema\/logo\/image\/","url":"https:\/\/lameldelavijoan.cat\/wp-content\/uploads\/2025\/09\/Grafics.ai-3.png","contentUrl":"https:\/\/lameldelavijoan.cat\/wp-content\/uploads\/2025\/09\/Grafics.ai-3.png","width":84,"height":74,"caption":"La Mel de l'Avi Joan"},"image":{"@id":"https:\/\/lameldelavijoan.cat\/#\/schema\/logo\/image\/"}}]},"og_availability":"instock","product_availability":"instock","product_condition":"new"},"_links":{"self":[{"href":"https:\/\/lameldelavijoan.cat\/es\/wp-json\/wp\/v2\/product\/110","targetHints":{"allow":["GET"]}}],"collection":[{"href":"https:\/\/lameldelavijoan.cat\/es\/wp-json\/wp\/v2\/product"}],"about":[{"href":"https:\/\/lameldelavijoan.cat\/es\/wp-json\/wp\/v2\/types\/product"}],"wp:featuredmedia":[{"embeddable":true,"href":"https:\/\/lameldelavijoan.cat\/es\/wp-json\/wp\/v2\/media\/25974708"}],"wp:attachment":[{"href":"https:\/\/lameldelavijoan.cat\/es\/wp-json\/wp\/v2\/media?parent=110"}],"wp:term":[{"taxonomy":"product_brand","embeddable":true,"href":"https:\/\/lameldelavijoan.cat\/es\/wp-json\/wp\/v2\/product_brand?post=110"},{"taxonomy":"product_cat","embeddable":true,"href":"https:\/\/lameldelavijoan.cat\/es\/wp-json\/wp\/v2\/product_cat?post=110"},{"taxonomy":"product_tag","embeddable":true,"href":"https:\/\/lameldelavijoan.cat\/es\/wp-json\/wp\/v2\/product_tag?post=110"}],"curies":[{"name":"wp","href":"https:\/\/api.w.org\/{rel}","templated":true}]}}