{"id":113,"date":"2025-09-17T17:33:48","date_gmt":"2025-09-17T17:33:48","guid":{"rendered":"https:\/\/lameldelavijoan.cat\/?post_type=product&#038;p=113"},"modified":"2025-12-20T09:30:31","modified_gmt":"2025-12-20T09:30:31","slug":"mel-de-muntanya","status":"publish","type":"product","link":"https:\/\/lameldelavijoan.cat\/es\/producto\/mel-de-muntanya\/","title":{"rendered":"Miel de monta\u00f1a"},"content":{"rendered":"<h3 data-start=\"184\" data-end=\"211\">Autenticitat i origen<\/h3>\n<p data-start=\"212\" data-end=\"616\">La <strong data-start=\"215\" data-end=\"258\">mel de muntanya de La Mel de l\u2019Avi Joan<\/strong> \u00e9s un producte natural que recull la diversitat floral del <strong data-start=\"318\" data-end=\"336\">Pirineu catal\u00e0<\/strong>. <strong data-start=\"338\" data-end=\"347\">Adem\u00e1s<\/strong>, la collita es fa entre <strong data-start=\"372\" data-end=\"391\">juny i setembre<\/strong>, coincidint amb l\u2019abundant floraci\u00f3 de les plantes d\u2019alta muntanya. <strong data-start=\"460\" data-end=\"480\">D\u2019aquesta manera<\/strong>, s\u2019obt\u00e9 una <strong data-start=\"493\" data-end=\"516\">mel crua i artesana<\/strong>, sense refinar, que conserva totes les propietats i transmet la frescor dels paisatges pirinencs.<\/p>\n<hr data-start=\"618\" data-end=\"621\" \/>\n<h3 data-start=\"623\" data-end=\"667\">Caracter\u00edstiques de la mel de muntanya<\/h3>\n<p data-start=\"668\" data-end=\"694\">Aquesta mel destaca per:<\/p>\n<ul data-start=\"695\" data-end=\"886\">\n<li data-start=\"695\" data-end=\"743\">\n<p data-start=\"697\" data-end=\"743\"><strong data-start=\"697\" data-end=\"706\">Color<\/strong>: ambre mitj\u00e0 amb reflexos daurats.<\/p>\n<\/li>\n<li data-start=\"744\" data-end=\"820\">\n<p data-start=\"746\" data-end=\"820\"><strong data-start=\"746\" data-end=\"755\">Aroma<\/strong>: floral intens i persistent, amb records d\u2019herbes de muntanya.<\/p>\n<\/li>\n<li data-start=\"821\" data-end=\"886\">\n<p data-start=\"823\" data-end=\"886\"><strong data-start=\"823\" data-end=\"831\">Gust<\/strong>: dol\u00e7 i potent, amb matisos complexos i equilibrats.<\/p>\n<\/li>\n<\/ul>\n<p data-start=\"888\" data-end=\"1106\"><strong data-start=\"888\" data-end=\"900\">Per aix\u00f2<\/strong>, \u00e9s una mel amb personalitat pr\u00f2pia, capa\u00e7 de reflectir la riquesa bot\u00e0nica de l\u2019alta muntanya. <strong data-start=\"997\" data-end=\"1009\">En canvi<\/strong>, quan cristal\u00b7litza, adquireix una textura densa que confirma la seva qualitat i autenticitat.<\/p>\n<hr data-start=\"1108\" data-end=\"1111\" \/>\n<h3 data-start=\"1113\" data-end=\"1141\">Propietats i beneficis<\/h3>\n<p data-start=\"1142\" data-end=\"1664\">La <strong data-start=\"1145\" data-end=\"1164\">mel de muntanya<\/strong> \u00e9s tradicionalment apreciada per les seves propietats <strong data-start=\"1219\" data-end=\"1265\">antis\u00e9pticas, mucol\u00edticas y expectorantes<\/strong>. <strong data-start=\"1267\" data-end=\"1276\">Adem\u00e1s<\/strong>, ajuda a combatre refredats, tos seca, bronquitis i faringitis. <strong data-start=\"1341\" data-end=\"1354\">Finalment<\/strong>, \u00e9s una font natural d\u2019energia i minerals essencials, perfecta per refor\u00e7ar el sistema immunitari i cuidar la salut de manera natural. A <strong data-start=\"1492\" data-end=\"1516\">La Mel de l\u2019Avi Joan<\/strong>, treballem respectant les abelles i l\u2019entorn, garantint una mel pura i d\u2019alta qualitat que porta fins a la teva taula l\u2019autenticitat del Pirineu.<\/p>","protected":false},"excerpt":{"rendered":"<p data-start=\"847\" data-end=\"1140\">La <strong data-start=\"850\" data-end=\"888\">miel de monta\u00f1a del Pirineo catal\u00e1n<\/strong> es el reflejo de la flora de alta monta\u00f1a. Las abejas la producen durante los meses de verano, dando como resultado una miel cruda, madura y de gran calidad, con una personalidad \u00fanica que concentra toda la riqueza y frescura de los paisajes pirenaicos.<\/p>","protected":false},"featured_media":25974711,"template":"","meta":{"_et_pb_use_builder":"","_et_pb_old_content":"","_et_gb_content_width":""},"product_brand":[],"product_cat":[38],"product_tag":[],"class_list":{"0":"post-113","1":"product","2":"type-product","3":"status-publish","4":"has-post-thumbnail","6":"product_cat-mel","8":"first","9":"instock","10":"shipping-taxable","11":"purchasable","12":"product-type-variable"},"yoast_head":"<!-- This site is optimized with the Yoast SEO plugin v27.5 - https:\/\/yoast.com\/product\/yoast-seo-wordpress\/ -->\n<title>Mel de muntanya - La Mel de l&#039;Avi Joan<\/title>\n<meta name=\"description\" content=\"Mel de muntanya del Pirineu catal\u00e0 de La Mel de l\u2019Avi Joan. Crua i natural, amb gust intens i propietats que ajuden a refor\u00e7ar la salut.\" \/>\n<meta name=\"robots\" content=\"index, follow, max-snippet:-1, max-image-preview:large, max-video-preview:-1\" \/>\n<link rel=\"canonical\" href=\"https:\/\/lameldelavijoan.cat\/es\/producto\/mel-de-muntanya\/\" \/>\n<meta property=\"og:locale\" content=\"es_ES\" \/>\n<meta property=\"og:type\" content=\"article\" \/>\n<meta property=\"og:title\" content=\"Mel de muntanya - La Mel de l&#039;Avi Joan\" \/>\n<meta property=\"og:description\" content=\"Mel de muntanya del Pirineu catal\u00e0 de La Mel de l\u2019Avi Joan. Crua i natural, amb gust intens i propietats que ajuden a refor\u00e7ar la salut.\" \/>\n<meta property=\"og:url\" content=\"https:\/\/lameldelavijoan.cat\/es\/producto\/mel-de-muntanya\/\" \/>\n<meta property=\"og:site_name\" content=\"La Mel de l&#039;Avi Joan\" \/>\n<meta property=\"article:modified_time\" content=\"2025-12-20T09:30:31+00:00\" \/>\n<meta property=\"og:image\" content=\"https:\/\/lameldelavijoan.cat\/wp-content\/uploads\/2025\/10\/mel_muntanya.png\" \/>\n\t<meta property=\"og:image:width\" content=\"600\" \/>\n\t<meta property=\"og:image:height\" content=\"600\" \/>\n\t<meta property=\"og:image:type\" content=\"image\/png\" \/>\n<meta name=\"twitter:card\" content=\"summary_large_image\" \/>\n<meta name=\"twitter:label1\" content=\"Disponibilidad\" \/>\n\t<meta name=\"twitter:data1\" content=\"Disponible\" \/>\n<script type=\"application\/ld+json\" class=\"yoast-schema-graph\">{\"@context\":\"https:\\\/\\\/schema.org\",\"@graph\":[{\"@type\":\"WebPage\",\"@id\":\"https:\\\/\\\/lameldelavijoan.cat\\\/producte\\\/mel-de-muntanya\\\/\",\"url\":\"https:\\\/\\\/lameldelavijoan.cat\\\/producte\\\/mel-de-muntanya\\\/\",\"name\":\"Mel de muntanya - La Mel de l&#039;Avi Joan\",\"isPartOf\":{\"@id\":\"https:\\\/\\\/lameldelavijoan.cat\\\/#website\"},\"primaryImageOfPage\":{\"@id\":\"https:\\\/\\\/lameldelavijoan.cat\\\/producte\\\/mel-de-muntanya\\\/#primaryimage\"},\"image\":{\"@id\":\"https:\\\/\\\/lameldelavijoan.cat\\\/producte\\\/mel-de-muntanya\\\/#primaryimage\"},\"thumbnailUrl\":\"https:\\\/\\\/lameldelavijoan.cat\\\/wp-content\\\/uploads\\\/2025\\\/10\\\/mel_muntanya.png\",\"datePublished\":\"2025-09-17T17:33:48+00:00\",\"dateModified\":\"2025-12-20T09:30:31+00:00\",\"description\":\"Mel de muntanya del Pirineu catal\u00e0 de La Mel de l\u2019Avi Joan. Crua i natural, amb gust intens i propietats que ajuden a refor\u00e7ar la salut.\",\"breadcrumb\":{\"@id\":\"https:\\\/\\\/lameldelavijoan.cat\\\/producte\\\/mel-de-muntanya\\\/#breadcrumb\"},\"inLanguage\":\"es\",\"potentialAction\":[{\"@type\":\"ReadAction\",\"target\":[\"https:\\\/\\\/lameldelavijoan.cat\\\/producte\\\/mel-de-muntanya\\\/\"]}]},{\"@type\":\"ImageObject\",\"inLanguage\":\"es\",\"@id\":\"https:\\\/\\\/lameldelavijoan.cat\\\/producte\\\/mel-de-muntanya\\\/#primaryimage\",\"url\":\"https:\\\/\\\/lameldelavijoan.cat\\\/wp-content\\\/uploads\\\/2025\\\/10\\\/mel_muntanya.png\",\"contentUrl\":\"https:\\\/\\\/lameldelavijoan.cat\\\/wp-content\\\/uploads\\\/2025\\\/10\\\/mel_muntanya.png\",\"width\":600,\"height\":600},{\"@type\":\"BreadcrumbList\",\"@id\":\"https:\\\/\\\/lameldelavijoan.cat\\\/producte\\\/mel-de-muntanya\\\/#breadcrumb\",\"itemListElement\":[{\"@type\":\"ListItem\",\"position\":1,\"name\":\"Home\",\"item\":\"https:\\\/\\\/lameldelavijoan.cat\\\/\"},{\"@type\":\"ListItem\",\"position\":2,\"name\":\"Productes\",\"item\":\"https:\\\/\\\/lameldelavijoan.cat\\\/botiga\\\/\"},{\"@type\":\"ListItem\",\"position\":3,\"name\":\"Mel de muntanya\"}]},{\"@type\":\"WebSite\",\"@id\":\"https:\\\/\\\/lameldelavijoan.cat\\\/#website\",\"url\":\"https:\\\/\\\/lameldelavijoan.cat\\\/\",\"name\":\"La Mel de l'Avi Joan\",\"description\":\"La Mel de l&#039;Avi Joan - Mel artesana del Bergued\u00e0\",\"publisher\":{\"@id\":\"https:\\\/\\\/lameldelavijoan.cat\\\/#organization\"},\"alternateName\":\"La Mel de l'Avi Joan\",\"potentialAction\":[{\"@type\":\"SearchAction\",\"target\":{\"@type\":\"EntryPoint\",\"urlTemplate\":\"https:\\\/\\\/lameldelavijoan.cat\\\/?s={search_term_string}\"},\"query-input\":{\"@type\":\"PropertyValueSpecification\",\"valueRequired\":true,\"valueName\":\"search_term_string\"}}],\"inLanguage\":\"es\"},{\"@type\":\"Organization\",\"@id\":\"https:\\\/\\\/lameldelavijoan.cat\\\/#organization\",\"name\":\"La Mel de l'Avi Joan\",\"url\":\"https:\\\/\\\/lameldelavijoan.cat\\\/\",\"logo\":{\"@type\":\"ImageObject\",\"inLanguage\":\"es\",\"@id\":\"https:\\\/\\\/lameldelavijoan.cat\\\/#\\\/schema\\\/logo\\\/image\\\/\",\"url\":\"https:\\\/\\\/lameldelavijoan.cat\\\/wp-content\\\/uploads\\\/2025\\\/09\\\/Grafics.ai-3.png\",\"contentUrl\":\"https:\\\/\\\/lameldelavijoan.cat\\\/wp-content\\\/uploads\\\/2025\\\/09\\\/Grafics.ai-3.png\",\"width\":84,\"height\":74,\"caption\":\"La Mel de l'Avi Joan\"},\"image\":{\"@id\":\"https:\\\/\\\/lameldelavijoan.cat\\\/#\\\/schema\\\/logo\\\/image\\\/\"}}]}<\/script>\n<meta property=\"og:availability\" content=\"instock\" \/>\n<meta property=\"product:availability\" content=\"instock\" \/>\n<meta property=\"product:condition\" content=\"new\" \/>\n<!-- \/ Yoast SEO plugin. -->","yoast_head_json":{"title":"Mel de muntanya - La Mel de l&#039;Avi Joan","description":"Mel de muntanya del Pirineu catal\u00e0 de La Mel de l\u2019Avi Joan. Crua i natural, amb gust intens i propietats que ajuden a refor\u00e7ar la salut.","robots":{"index":"index","follow":"follow","max-snippet":"max-snippet:-1","max-image-preview":"max-image-preview:large","max-video-preview":"max-video-preview:-1"},"canonical":"https:\/\/lameldelavijoan.cat\/es\/producto\/mel-de-muntanya\/","og_locale":"es_ES","og_type":"article","og_title":"Mel de muntanya - La Mel de l&#039;Avi Joan","og_description":"Mel de muntanya del Pirineu catal\u00e0 de La Mel de l\u2019Avi Joan. Crua i natural, amb gust intens i propietats que ajuden a refor\u00e7ar la salut.","og_url":"https:\/\/lameldelavijoan.cat\/es\/producto\/mel-de-muntanya\/","og_site_name":"La Mel de l&#039;Avi Joan","article_modified_time":"2025-12-20T09:30:31+00:00","og_image":[{"width":600,"height":600,"url":"https:\/\/lameldelavijoan.cat\/wp-content\/uploads\/2025\/10\/mel_muntanya.png","type":"image\/png"}],"twitter_card":"summary_large_image","twitter_misc":{"Disponibilidad":"Disponible"},"schema":{"@context":"https:\/\/schema.org","@graph":[{"@type":"WebPage","@id":"https:\/\/lameldelavijoan.cat\/producte\/mel-de-muntanya\/","url":"https:\/\/lameldelavijoan.cat\/producte\/mel-de-muntanya\/","name":"Mel de muntanya - La Mel de l&#039;Avi Joan","isPartOf":{"@id":"https:\/\/lameldelavijoan.cat\/#website"},"primaryImageOfPage":{"@id":"https:\/\/lameldelavijoan.cat\/producte\/mel-de-muntanya\/#primaryimage"},"image":{"@id":"https:\/\/lameldelavijoan.cat\/producte\/mel-de-muntanya\/#primaryimage"},"thumbnailUrl":"https:\/\/lameldelavijoan.cat\/wp-content\/uploads\/2025\/10\/mel_muntanya.png","datePublished":"2025-09-17T17:33:48+00:00","dateModified":"2025-12-20T09:30:31+00:00","description":"Mel de muntanya del Pirineu catal\u00e0 de La Mel de l\u2019Avi Joan. Crua i natural, amb gust intens i propietats que ajuden a refor\u00e7ar la salut.","breadcrumb":{"@id":"https:\/\/lameldelavijoan.cat\/producte\/mel-de-muntanya\/#breadcrumb"},"inLanguage":"es","potentialAction":[{"@type":"ReadAction","target":["https:\/\/lameldelavijoan.cat\/producte\/mel-de-muntanya\/"]}]},{"@type":"ImageObject","inLanguage":"es","@id":"https:\/\/lameldelavijoan.cat\/producte\/mel-de-muntanya\/#primaryimage","url":"https:\/\/lameldelavijoan.cat\/wp-content\/uploads\/2025\/10\/mel_muntanya.png","contentUrl":"https:\/\/lameldelavijoan.cat\/wp-content\/uploads\/2025\/10\/mel_muntanya.png","width":600,"height":600},{"@type":"BreadcrumbList","@id":"https:\/\/lameldelavijoan.cat\/producte\/mel-de-muntanya\/#breadcrumb","itemListElement":[{"@type":"ListItem","position":1,"name":"Home","item":"https:\/\/lameldelavijoan.cat\/"},{"@type":"ListItem","position":2,"name":"Productes","item":"https:\/\/lameldelavijoan.cat\/botiga\/"},{"@type":"ListItem","position":3,"name":"Mel de muntanya"}]},{"@type":"WebSite","@id":"https:\/\/lameldelavijoan.cat\/#website","url":"https:\/\/lameldelavijoan.cat\/","name":"La Mel de l'Avi Joan","description":"La Mel de l&#039;Avi Joan - Mel artesana del Bergued\u00e0","publisher":{"@id":"https:\/\/lameldelavijoan.cat\/#organization"},"alternateName":"La Mel de l'Avi Joan","potentialAction":[{"@type":"SearchAction","target":{"@type":"EntryPoint","urlTemplate":"https:\/\/lameldelavijoan.cat\/?s={search_term_string}"},"query-input":{"@type":"PropertyValueSpecification","valueRequired":true,"valueName":"search_term_string"}}],"inLanguage":"es"},{"@type":"Organization","@id":"https:\/\/lameldelavijoan.cat\/#organization","name":"La Mel de l'Avi Joan","url":"https:\/\/lameldelavijoan.cat\/","logo":{"@type":"ImageObject","inLanguage":"es","@id":"https:\/\/lameldelavijoan.cat\/#\/schema\/logo\/image\/","url":"https:\/\/lameldelavijoan.cat\/wp-content\/uploads\/2025\/09\/Grafics.ai-3.png","contentUrl":"https:\/\/lameldelavijoan.cat\/wp-content\/uploads\/2025\/09\/Grafics.ai-3.png","width":84,"height":74,"caption":"La Mel de l'Avi Joan"},"image":{"@id":"https:\/\/lameldelavijoan.cat\/#\/schema\/logo\/image\/"}}]},"og_availability":"instock","product_availability":"instock","product_condition":"new"},"_links":{"self":[{"href":"https:\/\/lameldelavijoan.cat\/es\/wp-json\/wp\/v2\/product\/113","targetHints":{"allow":["GET"]}}],"collection":[{"href":"https:\/\/lameldelavijoan.cat\/es\/wp-json\/wp\/v2\/product"}],"about":[{"href":"https:\/\/lameldelavijoan.cat\/es\/wp-json\/wp\/v2\/types\/product"}],"wp:featuredmedia":[{"embeddable":true,"href":"https:\/\/lameldelavijoan.cat\/es\/wp-json\/wp\/v2\/media\/25974711"}],"wp:attachment":[{"href":"https:\/\/lameldelavijoan.cat\/es\/wp-json\/wp\/v2\/media?parent=113"}],"wp:term":[{"taxonomy":"product_brand","embeddable":true,"href":"https:\/\/lameldelavijoan.cat\/es\/wp-json\/wp\/v2\/product_brand?post=113"},{"taxonomy":"product_cat","embeddable":true,"href":"https:\/\/lameldelavijoan.cat\/es\/wp-json\/wp\/v2\/product_cat?post=113"},{"taxonomy":"product_tag","embeddable":true,"href":"https:\/\/lameldelavijoan.cat\/es\/wp-json\/wp\/v2\/product_tag?post=113"}],"curies":[{"name":"wp","href":"https:\/\/api.w.org\/{rel}","templated":true}]}}