{"id":25974610,"date":"2025-10-04T10:22:24","date_gmt":"2025-10-04T10:22:24","guid":{"rendered":"https:\/\/lameldelavijoan.cat\/?post_type=product&#038;p=25974610"},"modified":"2026-03-23T10:32:08","modified_gmt":"2026-03-23T10:32:08","slug":"mel-de-castanyer","status":"publish","type":"product","link":"https:\/\/lameldelavijoan.cat\/es\/producto\/mel-de-castanyer\/","title":{"rendered":"Miel de casta\u00f1o"},"content":{"rendered":"<h3 data-start=\"150\" data-end=\"177\">Autenticitat i origen<\/h3>\n<p data-start=\"178\" data-end=\"625\">La <strong data-start=\"181\" data-end=\"225\">mel de castanyer de La Mel de l\u2019Avi Joan<\/strong> \u00e9s una mel crua i artesana produ\u00efda al <strong data-start=\"265\" data-end=\"277\">Montseny<\/strong> durant els mesos de <strong data-start=\"298\" data-end=\"317\">juny a setembre<\/strong>, coincidint amb la florida dels castanyers. <strong data-start=\"362\" data-end=\"371\">Adem\u00e1s<\/strong>, \u00e9s collida de manera respectuosa amb les abelles i l\u2019entorn natural, garantint un producte aut\u00e8ntic i de proximitat. <strong data-start=\"490\" data-end=\"510\">D\u2019aquesta manera<\/strong>, aconseguim una mel d\u2019alta qualitat que concentra l\u2019ess\u00e8ncia d\u2019aquest arbre emblem\u00e0tic de les nostres muntanyes.<\/p>\n<hr data-start=\"627\" data-end=\"630\" \/>\n<h3 data-start=\"632\" data-end=\"677\">Caracter\u00edstiques de la mel de castanyer<\/h3>\n<p data-start=\"678\" data-end=\"710\">Aquesta mel es distingeix per:<\/p>\n<ul data-start=\"712\" data-end=\"949\">\n<li data-start=\"712\" data-end=\"769\">\n<p data-start=\"714\" data-end=\"769\"><strong data-start=\"714\" data-end=\"723\">Color<\/strong>: ambre fosc amb reflexos rogencs i daurats.<\/p>\n<\/li>\n<li data-start=\"770\" data-end=\"839\">\n<p data-start=\"772\" data-end=\"839\"><strong data-start=\"772\" data-end=\"781\">Aroma<\/strong>: intens i profund, amb notes fustoses i de fruits secs.<\/p>\n<\/li>\n<li data-start=\"840\" data-end=\"949\">\n<p data-start=\"842\" data-end=\"949\"><strong data-start=\"842\" data-end=\"850\">Gust<\/strong>: menys dol\u00e7 que altres mels, amb un toc lleugerament amarg i una persist\u00e8ncia llarga i complexa.<\/p>\n<\/li>\n<\/ul>\n<p data-start=\"951\" data-end=\"1221\">Per aix\u00f2, \u00e9s una mel amb molta personalitat i molt apreciada a la cuina, ja que marida molt b\u00e9 amb formatges curats, carns i receptes tradicionals. <strong data-start=\"1103\" data-end=\"1115\">En canvi<\/strong>, quan cristal\u00b7litza adquireix una textura densa i consistent que confirma la seva puresa i naturalitat.<\/p>\n<hr data-start=\"1223\" data-end=\"1226\" \/>\n<h3 data-start=\"1228\" data-end=\"1256\">Propietats i beneficis<\/h3>\n<p data-start=\"1257\" data-end=\"1788\">La <strong data-start=\"1260\" data-end=\"1280\">miel de casta\u00f1o<\/strong> \u00e9s coneguda per la seva riquesa en <strong data-start=\"1316\" data-end=\"1350\">minerals, ferro i antioxidants<\/strong>. <strong data-start=\"1352\" data-end=\"1361\">Adem\u00e1s<\/strong>, t\u00e9 propietats antibacterianes i astringents, que afavoreixen la circulaci\u00f3 sangu\u00ednia i enforteixen el sistema immunitari. <strong data-start=\"1485\" data-end=\"1498\">Finalment<\/strong>, \u00e9s una mel energ\u00e8tica i tonificant, recomanada per a persones amb an\u00e8mia, cansament o necessitats de refor\u00e7 natural. A <strong data-start=\"1619\" data-end=\"1643\">La Mel de l\u2019Avi Joan<\/strong>, treballem amb passi\u00f3 per oferir un producte pur, saludable i d\u2019alta qualitat que porta fins a la teva taula el sabor m\u00e9s intens del Montseny.<\/p>","protected":false},"excerpt":{"rendered":"<p data-start=\"67\" data-end=\"295\">La <strong data-start=\"70\" data-end=\"127\">miel de casta\u00f1o del Montseny <\/strong>es una miel cruda y artesanal, recolectada en verano. De sabor intenso y complejo, destaca por su personalidad \u00fanica y por sus propiedades nutritivas y tradicionales.<\/p>","protected":false},"featured_media":25975070,"template":"","meta":{"_et_pb_use_builder":"","_et_pb_old_content":"","_et_gb_content_width":""},"product_brand":[],"product_cat":[38],"product_tag":[],"class_list":{"0":"post-25974610","1":"product","2":"type-product","3":"status-publish","4":"has-post-thumbnail","6":"product_cat-mel","8":"first","9":"instock","10":"shipping-taxable","11":"purchasable","12":"product-type-variable"},"yoast_head":"<!-- This site is optimized with the Yoast SEO plugin v27.5 - https:\/\/yoast.com\/product\/yoast-seo-wordpress\/ -->\n<title>Mel de castanyer - La Mel de l&#039;Avi Joan<\/title>\n<meta name=\"description\" content=\"Mel de castanyer del Montseny de La Mel de l\u2019Avi Joan. Crua i artesana, amb gust intens i complex, rica en minerals i beneficis per a la salut.\" \/>\n<meta name=\"robots\" content=\"index, follow, max-snippet:-1, max-image-preview:large, max-video-preview:-1\" \/>\n<link rel=\"canonical\" href=\"https:\/\/lameldelavijoan.cat\/es\/producto\/mel-de-castanyer\/\" \/>\n<meta property=\"og:locale\" content=\"es_ES\" \/>\n<meta property=\"og:type\" content=\"article\" \/>\n<meta property=\"og:title\" content=\"Mel de castanyer - La Mel de l&#039;Avi Joan\" \/>\n<meta property=\"og:description\" content=\"Mel de castanyer del Montseny de La Mel de l\u2019Avi Joan. Crua i artesana, amb gust intens i complex, rica en minerals i beneficis per a la salut.\" \/>\n<meta property=\"og:url\" content=\"https:\/\/lameldelavijoan.cat\/es\/producto\/mel-de-castanyer\/\" \/>\n<meta property=\"og:site_name\" content=\"La Mel de l&#039;Avi Joan\" \/>\n<meta property=\"article:modified_time\" content=\"2026-03-23T10:32:08+00:00\" \/>\n<meta property=\"og:image\" content=\"https:\/\/lameldelavijoan.cat\/wp-content\/uploads\/2025\/10\/castanyer.webp\" \/>\n\t<meta property=\"og:image:width\" content=\"600\" \/>\n\t<meta property=\"og:image:height\" content=\"600\" \/>\n\t<meta property=\"og:image:type\" content=\"image\/webp\" \/>\n<meta name=\"twitter:card\" content=\"summary_large_image\" \/>\n<meta name=\"twitter:label1\" content=\"Disponibilidad\" \/>\n\t<meta name=\"twitter:data1\" content=\"Disponible\" \/>\n<script type=\"application\/ld+json\" class=\"yoast-schema-graph\">{\"@context\":\"https:\\\/\\\/schema.org\",\"@graph\":[{\"@type\":\"WebPage\",\"@id\":\"https:\\\/\\\/lameldelavijoan.cat\\\/producte\\\/mel-de-castanyer\\\/\",\"url\":\"https:\\\/\\\/lameldelavijoan.cat\\\/producte\\\/mel-de-castanyer\\\/\",\"name\":\"Mel de castanyer - La Mel de l&#039;Avi Joan\",\"isPartOf\":{\"@id\":\"https:\\\/\\\/lameldelavijoan.cat\\\/#website\"},\"primaryImageOfPage\":{\"@id\":\"https:\\\/\\\/lameldelavijoan.cat\\\/producte\\\/mel-de-castanyer\\\/#primaryimage\"},\"image\":{\"@id\":\"https:\\\/\\\/lameldelavijoan.cat\\\/producte\\\/mel-de-castanyer\\\/#primaryimage\"},\"thumbnailUrl\":\"https:\\\/\\\/lameldelavijoan.cat\\\/wp-content\\\/uploads\\\/2025\\\/10\\\/castanyer.webp\",\"datePublished\":\"2025-10-04T10:22:24+00:00\",\"dateModified\":\"2026-03-23T10:32:08+00:00\",\"description\":\"Mel de castanyer del Montseny de La Mel de l\u2019Avi Joan. Crua i artesana, amb gust intens i complex, rica en minerals i beneficis per a la salut.\",\"breadcrumb\":{\"@id\":\"https:\\\/\\\/lameldelavijoan.cat\\\/producte\\\/mel-de-castanyer\\\/#breadcrumb\"},\"inLanguage\":\"es\",\"potentialAction\":[{\"@type\":\"ReadAction\",\"target\":[\"https:\\\/\\\/lameldelavijoan.cat\\\/producte\\\/mel-de-castanyer\\\/\"]}]},{\"@type\":\"ImageObject\",\"inLanguage\":\"es\",\"@id\":\"https:\\\/\\\/lameldelavijoan.cat\\\/producte\\\/mel-de-castanyer\\\/#primaryimage\",\"url\":\"https:\\\/\\\/lameldelavijoan.cat\\\/wp-content\\\/uploads\\\/2025\\\/10\\\/castanyer.webp\",\"contentUrl\":\"https:\\\/\\\/lameldelavijoan.cat\\\/wp-content\\\/uploads\\\/2025\\\/10\\\/castanyer.webp\",\"width\":600,\"height\":600},{\"@type\":\"BreadcrumbList\",\"@id\":\"https:\\\/\\\/lameldelavijoan.cat\\\/producte\\\/mel-de-castanyer\\\/#breadcrumb\",\"itemListElement\":[{\"@type\":\"ListItem\",\"position\":1,\"name\":\"Home\",\"item\":\"https:\\\/\\\/lameldelavijoan.cat\\\/\"},{\"@type\":\"ListItem\",\"position\":2,\"name\":\"Productes\",\"item\":\"https:\\\/\\\/lameldelavijoan.cat\\\/botiga\\\/\"},{\"@type\":\"ListItem\",\"position\":3,\"name\":\"Mel de castanyer\"}]},{\"@type\":\"WebSite\",\"@id\":\"https:\\\/\\\/lameldelavijoan.cat\\\/#website\",\"url\":\"https:\\\/\\\/lameldelavijoan.cat\\\/\",\"name\":\"La Mel de l'Avi Joan\",\"description\":\"La Mel de l&#039;Avi Joan - Mel artesana del Bergued\u00e0\",\"publisher\":{\"@id\":\"https:\\\/\\\/lameldelavijoan.cat\\\/#organization\"},\"alternateName\":\"La Mel de l'Avi Joan\",\"potentialAction\":[{\"@type\":\"SearchAction\",\"target\":{\"@type\":\"EntryPoint\",\"urlTemplate\":\"https:\\\/\\\/lameldelavijoan.cat\\\/?s={search_term_string}\"},\"query-input\":{\"@type\":\"PropertyValueSpecification\",\"valueRequired\":true,\"valueName\":\"search_term_string\"}}],\"inLanguage\":\"es\"},{\"@type\":\"Organization\",\"@id\":\"https:\\\/\\\/lameldelavijoan.cat\\\/#organization\",\"name\":\"La Mel de l'Avi Joan\",\"url\":\"https:\\\/\\\/lameldelavijoan.cat\\\/\",\"logo\":{\"@type\":\"ImageObject\",\"inLanguage\":\"es\",\"@id\":\"https:\\\/\\\/lameldelavijoan.cat\\\/#\\\/schema\\\/logo\\\/image\\\/\",\"url\":\"https:\\\/\\\/lameldelavijoan.cat\\\/wp-content\\\/uploads\\\/2025\\\/09\\\/Grafics.ai-3.png\",\"contentUrl\":\"https:\\\/\\\/lameldelavijoan.cat\\\/wp-content\\\/uploads\\\/2025\\\/09\\\/Grafics.ai-3.png\",\"width\":84,\"height\":74,\"caption\":\"La Mel de l'Avi Joan\"},\"image\":{\"@id\":\"https:\\\/\\\/lameldelavijoan.cat\\\/#\\\/schema\\\/logo\\\/image\\\/\"}}]}<\/script>\n<meta property=\"og:availability\" content=\"instock\" \/>\n<meta property=\"product:availability\" content=\"instock\" \/>\n<meta property=\"product:condition\" content=\"new\" \/>\n<!-- \/ Yoast SEO plugin. -->","yoast_head_json":{"title":"Mel de castanyer - La Mel de l&#039;Avi Joan","description":"Mel de castanyer del Montseny de La Mel de l\u2019Avi Joan. Crua i artesana, amb gust intens i complex, rica en minerals i beneficis per a la salut.","robots":{"index":"index","follow":"follow","max-snippet":"max-snippet:-1","max-image-preview":"max-image-preview:large","max-video-preview":"max-video-preview:-1"},"canonical":"https:\/\/lameldelavijoan.cat\/es\/producto\/mel-de-castanyer\/","og_locale":"es_ES","og_type":"article","og_title":"Mel de castanyer - La Mel de l&#039;Avi Joan","og_description":"Mel de castanyer del Montseny de La Mel de l\u2019Avi Joan. Crua i artesana, amb gust intens i complex, rica en minerals i beneficis per a la salut.","og_url":"https:\/\/lameldelavijoan.cat\/es\/producto\/mel-de-castanyer\/","og_site_name":"La Mel de l&#039;Avi Joan","article_modified_time":"2026-03-23T10:32:08+00:00","og_image":[{"width":600,"height":600,"url":"https:\/\/lameldelavijoan.cat\/wp-content\/uploads\/2025\/10\/castanyer.webp","type":"image\/webp"}],"twitter_card":"summary_large_image","twitter_misc":{"Disponibilidad":"Disponible"},"schema":{"@context":"https:\/\/schema.org","@graph":[{"@type":"WebPage","@id":"https:\/\/lameldelavijoan.cat\/producte\/mel-de-castanyer\/","url":"https:\/\/lameldelavijoan.cat\/producte\/mel-de-castanyer\/","name":"Mel de castanyer - La Mel de l&#039;Avi Joan","isPartOf":{"@id":"https:\/\/lameldelavijoan.cat\/#website"},"primaryImageOfPage":{"@id":"https:\/\/lameldelavijoan.cat\/producte\/mel-de-castanyer\/#primaryimage"},"image":{"@id":"https:\/\/lameldelavijoan.cat\/producte\/mel-de-castanyer\/#primaryimage"},"thumbnailUrl":"https:\/\/lameldelavijoan.cat\/wp-content\/uploads\/2025\/10\/castanyer.webp","datePublished":"2025-10-04T10:22:24+00:00","dateModified":"2026-03-23T10:32:08+00:00","description":"Mel de castanyer del Montseny de La Mel de l\u2019Avi Joan. Crua i artesana, amb gust intens i complex, rica en minerals i beneficis per a la salut.","breadcrumb":{"@id":"https:\/\/lameldelavijoan.cat\/producte\/mel-de-castanyer\/#breadcrumb"},"inLanguage":"es","potentialAction":[{"@type":"ReadAction","target":["https:\/\/lameldelavijoan.cat\/producte\/mel-de-castanyer\/"]}]},{"@type":"ImageObject","inLanguage":"es","@id":"https:\/\/lameldelavijoan.cat\/producte\/mel-de-castanyer\/#primaryimage","url":"https:\/\/lameldelavijoan.cat\/wp-content\/uploads\/2025\/10\/castanyer.webp","contentUrl":"https:\/\/lameldelavijoan.cat\/wp-content\/uploads\/2025\/10\/castanyer.webp","width":600,"height":600},{"@type":"BreadcrumbList","@id":"https:\/\/lameldelavijoan.cat\/producte\/mel-de-castanyer\/#breadcrumb","itemListElement":[{"@type":"ListItem","position":1,"name":"Home","item":"https:\/\/lameldelavijoan.cat\/"},{"@type":"ListItem","position":2,"name":"Productes","item":"https:\/\/lameldelavijoan.cat\/botiga\/"},{"@type":"ListItem","position":3,"name":"Mel de castanyer"}]},{"@type":"WebSite","@id":"https:\/\/lameldelavijoan.cat\/#website","url":"https:\/\/lameldelavijoan.cat\/","name":"La Mel de l'Avi Joan","description":"La Mel de l&#039;Avi Joan - Mel artesana del Bergued\u00e0","publisher":{"@id":"https:\/\/lameldelavijoan.cat\/#organization"},"alternateName":"La Mel de l'Avi Joan","potentialAction":[{"@type":"SearchAction","target":{"@type":"EntryPoint","urlTemplate":"https:\/\/lameldelavijoan.cat\/?s={search_term_string}"},"query-input":{"@type":"PropertyValueSpecification","valueRequired":true,"valueName":"search_term_string"}}],"inLanguage":"es"},{"@type":"Organization","@id":"https:\/\/lameldelavijoan.cat\/#organization","name":"La Mel de l'Avi Joan","url":"https:\/\/lameldelavijoan.cat\/","logo":{"@type":"ImageObject","inLanguage":"es","@id":"https:\/\/lameldelavijoan.cat\/#\/schema\/logo\/image\/","url":"https:\/\/lameldelavijoan.cat\/wp-content\/uploads\/2025\/09\/Grafics.ai-3.png","contentUrl":"https:\/\/lameldelavijoan.cat\/wp-content\/uploads\/2025\/09\/Grafics.ai-3.png","width":84,"height":74,"caption":"La Mel de l'Avi Joan"},"image":{"@id":"https:\/\/lameldelavijoan.cat\/#\/schema\/logo\/image\/"}}]},"og_availability":"instock","product_availability":"instock","product_condition":"new"},"_links":{"self":[{"href":"https:\/\/lameldelavijoan.cat\/es\/wp-json\/wp\/v2\/product\/25974610","targetHints":{"allow":["GET"]}}],"collection":[{"href":"https:\/\/lameldelavijoan.cat\/es\/wp-json\/wp\/v2\/product"}],"about":[{"href":"https:\/\/lameldelavijoan.cat\/es\/wp-json\/wp\/v2\/types\/product"}],"wp:featuredmedia":[{"embeddable":true,"href":"https:\/\/lameldelavijoan.cat\/es\/wp-json\/wp\/v2\/media\/25975070"}],"wp:attachment":[{"href":"https:\/\/lameldelavijoan.cat\/es\/wp-json\/wp\/v2\/media?parent=25974610"}],"wp:term":[{"taxonomy":"product_brand","embeddable":true,"href":"https:\/\/lameldelavijoan.cat\/es\/wp-json\/wp\/v2\/product_brand?post=25974610"},{"taxonomy":"product_cat","embeddable":true,"href":"https:\/\/lameldelavijoan.cat\/es\/wp-json\/wp\/v2\/product_cat?post=25974610"},{"taxonomy":"product_tag","embeddable":true,"href":"https:\/\/lameldelavijoan.cat\/es\/wp-json\/wp\/v2\/product_tag?post=25974610"}],"curies":[{"name":"wp","href":"https:\/\/api.w.org\/{rel}","templated":true}]}}