{"id":25974737,"date":"2025-10-05T13:39:19","date_gmt":"2025-10-05T13:39:19","guid":{"rendered":"https:\/\/lameldelavijoan.cat\/?post_type=product&#038;p=25974737"},"modified":"2026-01-04T20:06:32","modified_gmt":"2026-01-04T20:06:32","slug":"bresca-de-mel","status":"publish","type":"product","link":"https:\/\/lameldelavijoan.cat\/es\/producto\/bresca-de-mel\/","title":{"rendered":"Panal de miel artesanal"},"content":{"rendered":"<h2 data-start=\"355\" data-end=\"382\">Bresca de mel artesana<\/h2>\n<p data-start=\"518\" data-end=\"783\">A <em data-start=\"520\" data-end=\"542\">La Mel de l\u2019Avi Joan<\/em> t\u2019oferim bresca, tal com surt del rusc. <strong data-start=\"597\" data-end=\"630\">Gr\u00e0cies al seu proc\u00e9s natural<\/strong>, conserva totes les propietats intactes. Es tracta d\u2019un producte pur, artesanal i aut\u00e8ntic que et permet gaudir de la mel en el seu estat m\u00e9s natural.<\/p>\n<p data-start=\"785\" data-end=\"1003\">Per garantir la seva conservaci\u00f3, <strong data-start=\"819\" data-end=\"828\">a m\u00e9s<\/strong>, l\u2019enviem dins de recipients de pl\u00e0stic alimentari, segurs i pr\u00e0ctics. <strong data-start=\"900\" data-end=\"920\">D\u2019aquesta manera<\/strong>, la bresca mant\u00e9 tota la frescor i l\u2019aroma original de la mel acabada de collir.<\/p>\n<hr data-start=\"1005\" data-end=\"1008\" \/>\n<h2 data-start=\"1010\" data-end=\"1044\">Beneficis<\/h2>\n<p data-start=\"1046\" data-end=\"1205\">Consumir bresca de mel no nom\u00e9s \u00e9s un plaer, sin\u00f3 tamb\u00e9 una experi\u00e8ncia saludable. <strong data-start=\"1129\" data-end=\"1141\">Per aix\u00f2<\/strong>, cada mossegada aporta nutrients i energia de manera natural.<\/p>\n<ul data-start=\"1207\" data-end=\"1494\">\n<li data-start=\"1207\" data-end=\"1260\">\n<p data-start=\"1209\" data-end=\"1260\">Aporta <strong data-start=\"1216\" data-end=\"1257\">enzims, vitamines i minerals naturals<\/strong>.<\/p>\n<\/li>\n<li data-start=\"1261\" data-end=\"1336\">\n<p data-start=\"1263\" data-end=\"1336\">Cont\u00e9 pr\u00f2polis i pol\u00b7len, que <strong data-start=\"1293\" data-end=\"1302\">a m\u00e9s<\/strong> reforcen el sistema immunitari.<\/p>\n<\/li>\n<li data-start=\"1337\" data-end=\"1394\">\n<p data-start=\"1339\" data-end=\"1394\">Ajuda a <strong data-start=\"1347\" data-end=\"1374\">calmar la gola i la tos<\/strong> de forma natural.<\/p>\n<\/li>\n<li data-start=\"1395\" data-end=\"1440\">\n<p data-start=\"1397\" data-end=\"1440\">\u00c9s una font d\u2019energia r\u00e0pida i saludable.<\/p>\n<\/li>\n<li data-start=\"1441\" data-end=\"1494\">\n<p data-start=\"1443\" data-end=\"1494\">Ofereix una textura \u00fanica i una dol\u00e7or aut\u00e8ntica.<\/p>\n<\/li>\n<\/ul>\n<p data-start=\"1496\" data-end=\"1594\"><strong data-start=\"1496\" data-end=\"1508\">En resum<\/strong>, la bresca de mel \u00e9s un aliment complet que uneix sabor i salut en un sol producte.<\/p>\n<hr data-start=\"1596\" data-end=\"1599\" \/>\n<h2 data-start=\"1601\" data-end=\"1634\">Varietat i usos de la bresca<\/h2>\n<p data-start=\"1636\" data-end=\"1787\">La bresca es pot gaudir de moltes maneres. <strong data-start=\"1686\" data-end=\"1700\">Aix\u00ed doncs<\/strong>, \u00e9s un producte vers\u00e0til i ideal tant per al dia a dia com per a ocasions especials.<\/p>\n<ul data-start=\"1789\" data-end=\"2037\">\n<li data-start=\"1789\" data-end=\"1838\">\n<p data-start=\"1791\" data-end=\"1838\">Mastegar directament i assaborir la mel pura.<\/p>\n<\/li>\n<li data-start=\"1839\" data-end=\"1880\">\n<p data-start=\"1841\" data-end=\"1880\">Endolcir i decorar iogurts o postres.<\/p>\n<\/li>\n<li data-start=\"1881\" data-end=\"1932\">\n<p data-start=\"1883\" data-end=\"1932\">Acompanyar formatges i fruita en taules gurmet.<\/p>\n<\/li>\n<li data-start=\"1933\" data-end=\"1976\">\n<p data-start=\"1935\" data-end=\"1976\">Afegir-la a amanides o plats especials.<\/p>\n<\/li>\n<li data-start=\"1977\" data-end=\"2037\">\n<p data-start=\"1979\" data-end=\"2037\">Oferir-la com a delicatessen en reunions i celebracions.<\/p>\n<\/li>\n<\/ul>\n<p data-start=\"2039\" data-end=\"2154\"><strong data-start=\"2039\" data-end=\"2056\">D\u2019altra banda<\/strong>, la seva presentaci\u00f3 natural i aut\u00e8ntica la converteix en un producte amb un valor afegit \u00fanic.<\/p>\n<hr data-start=\"2156\" data-end=\"2159\" \/>\n<h2 data-start=\"2161\" data-end=\"2192\">Regal amb sabor i tradici\u00f3<\/h2>\n<p data-start=\"2194\" data-end=\"2361\">La bresca \u00e9s tamb\u00e9 un regal ideal per a aquells que valoren els productes artesans i saludables. <strong data-start=\"2298\" data-end=\"2324\">A m\u00e9s de ser deliciosa<\/strong>, transmet tradici\u00f3 i autenticitat.<\/p>\n<p data-start=\"2363\" data-end=\"2393\">En regalar-la, comparteixes:<\/p>\n<ul data-start=\"2395\" data-end=\"2560\">\n<li data-start=\"2395\" data-end=\"2434\">\n<p data-start=\"2397\" data-end=\"2434\">L\u2019ofici ap\u00edcola i la seva ess\u00e8ncia.<\/p>\n<\/li>\n<li data-start=\"2435\" data-end=\"2469\">\n<p data-start=\"2437\" data-end=\"2469\">Un aliment natural i nutritiu.<\/p>\n<\/li>\n<li data-start=\"2470\" data-end=\"2508\">\n<p data-start=\"2472\" data-end=\"2508\">Sabor \u00fanic i experi\u00e8ncia diferent.<\/p>\n<\/li>\n<li data-start=\"2509\" data-end=\"2560\">\n<p data-start=\"2511\" data-end=\"2560\">Un producte amb presentaci\u00f3 cuidada i especial.<\/p>\n<\/li>\n<\/ul>\n<p data-start=\"2562\" data-end=\"2718\"><strong data-start=\"2562\" data-end=\"2575\">Finalment<\/strong>, la bresca de mel de <em data-start=\"2597\" data-end=\"2619\">La Mel de l\u2019Avi Joan<\/em> \u00e9s molt m\u00e9s que un aliment: \u00e9s un detall amb encant que uneix salut, natura i plaer gastron\u00f2mic.<\/p>\n<ul data-start=\"991\" data-end=\"1269\">\n<li data-start=\"1170\" data-end=\"1215\">\n<p data-start=\"1172\" data-end=\"1215\">\n<\/li>\n<\/ul>","protected":false},"excerpt":{"rendered":"<p data-start=\"112\" data-end=\"292\"><strong>Panal de miel artesanal<\/strong> recolectado directamente del panal y presentado en recipientes de pl\u00e1stico alimentario para conservar toda su frescura y su sabor natural.<\/p>","protected":false},"featured_media":25975259,"template":"","meta":{"_et_pb_use_builder":"","_et_pb_old_content":"","_et_gb_content_width":""},"product_brand":[],"product_cat":[39],"product_tag":[],"class_list":{"0":"post-25974737","1":"product","2":"type-product","3":"status-publish","4":"has-post-thumbnail","6":"product_cat-mes-mel","8":"first","9":"instock","10":"shipping-taxable","11":"purchasable","12":"product-type-simple"},"yoast_head":"<!-- This site is optimized with the Yoast SEO plugin v27.5 - https:\/\/yoast.com\/product\/yoast-seo-wordpress\/ -->\n<title>Bresca de mel - La Mel de l&#039;Avi Joan<\/title>\n<meta name=\"description\" content=\"Bresca de mel de La Mel de l\u2019Avi Joan: mel pura i natural, collida artesanalment i enviada en recipients segurs. Un producte saludable i ple de sabor.\" \/>\n<meta name=\"robots\" content=\"index, follow, max-snippet:-1, max-image-preview:large, max-video-preview:-1\" \/>\n<link rel=\"canonical\" href=\"https:\/\/lameldelavijoan.cat\/es\/producto\/bresca-de-mel\/\" \/>\n<meta property=\"og:locale\" content=\"es_ES\" \/>\n<meta property=\"og:type\" content=\"article\" \/>\n<meta property=\"og:title\" content=\"Bresca de mel - La Mel de l&#039;Avi Joan\" \/>\n<meta property=\"og:description\" content=\"Bresca de mel de La Mel de l\u2019Avi Joan: mel pura i natural, collida artesanalment i enviada en recipients segurs. Un producte saludable i ple de sabor.\" \/>\n<meta property=\"og:url\" content=\"https:\/\/lameldelavijoan.cat\/es\/producto\/bresca-de-mel\/\" \/>\n<meta property=\"og:site_name\" content=\"La Mel de l&#039;Avi Joan\" \/>\n<meta property=\"article:modified_time\" content=\"2026-01-04T20:06:32+00:00\" \/>\n<meta property=\"og:image\" content=\"https:\/\/lameldelavijoan.cat\/wp-content\/uploads\/2026\/01\/bresca_mel.webp\" \/>\n\t<meta property=\"og:image:width\" content=\"600\" \/>\n\t<meta property=\"og:image:height\" content=\"600\" \/>\n\t<meta property=\"og:image:type\" content=\"image\/webp\" \/>\n<meta name=\"twitter:card\" content=\"summary_large_image\" \/>\n<meta name=\"twitter:label1\" content=\"Precio\" \/>\n\t<meta name=\"twitter:data1\" content=\"6,00&nbsp;&euro;\" \/>\n\t<meta name=\"twitter:label2\" content=\"Disponibilidad\" \/>\n\t<meta name=\"twitter:data2\" content=\"Disponible\" \/>\n<script type=\"application\/ld+json\" class=\"yoast-schema-graph\">{\"@context\":\"https:\\\/\\\/schema.org\",\"@graph\":[{\"@type\":\"WebPage\",\"@id\":\"https:\\\/\\\/lameldelavijoan.cat\\\/producte\\\/bresca-de-mel\\\/\",\"url\":\"https:\\\/\\\/lameldelavijoan.cat\\\/producte\\\/bresca-de-mel\\\/\",\"name\":\"Bresca de mel - La Mel de l&#039;Avi Joan\",\"isPartOf\":{\"@id\":\"https:\\\/\\\/lameldelavijoan.cat\\\/#website\"},\"primaryImageOfPage\":{\"@id\":\"https:\\\/\\\/lameldelavijoan.cat\\\/producte\\\/bresca-de-mel\\\/#primaryimage\"},\"image\":{\"@id\":\"https:\\\/\\\/lameldelavijoan.cat\\\/producte\\\/bresca-de-mel\\\/#primaryimage\"},\"thumbnailUrl\":\"https:\\\/\\\/lameldelavijoan.cat\\\/wp-content\\\/uploads\\\/2026\\\/01\\\/bresca_mel.webp\",\"datePublished\":\"2025-10-05T13:39:19+00:00\",\"dateModified\":\"2026-01-04T20:06:32+00:00\",\"description\":\"Bresca de mel de La Mel de l\u2019Avi Joan: mel pura i natural, collida artesanalment i enviada en recipients segurs. Un producte saludable i ple de sabor.\",\"breadcrumb\":{\"@id\":\"https:\\\/\\\/lameldelavijoan.cat\\\/producte\\\/bresca-de-mel\\\/#breadcrumb\"},\"inLanguage\":\"es\",\"potentialAction\":[{\"@type\":\"ReadAction\",\"target\":[\"https:\\\/\\\/lameldelavijoan.cat\\\/producte\\\/bresca-de-mel\\\/\"]}]},{\"@type\":\"ImageObject\",\"inLanguage\":\"es\",\"@id\":\"https:\\\/\\\/lameldelavijoan.cat\\\/producte\\\/bresca-de-mel\\\/#primaryimage\",\"url\":\"https:\\\/\\\/lameldelavijoan.cat\\\/wp-content\\\/uploads\\\/2026\\\/01\\\/bresca_mel.webp\",\"contentUrl\":\"https:\\\/\\\/lameldelavijoan.cat\\\/wp-content\\\/uploads\\\/2026\\\/01\\\/bresca_mel.webp\",\"width\":600,\"height\":600},{\"@type\":\"BreadcrumbList\",\"@id\":\"https:\\\/\\\/lameldelavijoan.cat\\\/producte\\\/bresca-de-mel\\\/#breadcrumb\",\"itemListElement\":[{\"@type\":\"ListItem\",\"position\":1,\"name\":\"Home\",\"item\":\"https:\\\/\\\/lameldelavijoan.cat\\\/\"},{\"@type\":\"ListItem\",\"position\":2,\"name\":\"Productes\",\"item\":\"https:\\\/\\\/lameldelavijoan.cat\\\/botiga\\\/\"},{\"@type\":\"ListItem\",\"position\":3,\"name\":\"Bresca de mel\"}]},{\"@type\":\"WebSite\",\"@id\":\"https:\\\/\\\/lameldelavijoan.cat\\\/#website\",\"url\":\"https:\\\/\\\/lameldelavijoan.cat\\\/\",\"name\":\"La Mel de l'Avi Joan\",\"description\":\"La Mel de l&#039;Avi Joan - Mel artesana del Bergued\u00e0\",\"publisher\":{\"@id\":\"https:\\\/\\\/lameldelavijoan.cat\\\/#organization\"},\"alternateName\":\"La Mel de l'Avi Joan\",\"potentialAction\":[{\"@type\":\"SearchAction\",\"target\":{\"@type\":\"EntryPoint\",\"urlTemplate\":\"https:\\\/\\\/lameldelavijoan.cat\\\/?s={search_term_string}\"},\"query-input\":{\"@type\":\"PropertyValueSpecification\",\"valueRequired\":true,\"valueName\":\"search_term_string\"}}],\"inLanguage\":\"es\"},{\"@type\":\"Organization\",\"@id\":\"https:\\\/\\\/lameldelavijoan.cat\\\/#organization\",\"name\":\"La Mel de l'Avi Joan\",\"url\":\"https:\\\/\\\/lameldelavijoan.cat\\\/\",\"logo\":{\"@type\":\"ImageObject\",\"inLanguage\":\"es\",\"@id\":\"https:\\\/\\\/lameldelavijoan.cat\\\/#\\\/schema\\\/logo\\\/image\\\/\",\"url\":\"https:\\\/\\\/lameldelavijoan.cat\\\/wp-content\\\/uploads\\\/2025\\\/09\\\/Grafics.ai-3.png\",\"contentUrl\":\"https:\\\/\\\/lameldelavijoan.cat\\\/wp-content\\\/uploads\\\/2025\\\/09\\\/Grafics.ai-3.png\",\"width\":84,\"height\":74,\"caption\":\"La Mel de l'Avi Joan\"},\"image\":{\"@id\":\"https:\\\/\\\/lameldelavijoan.cat\\\/#\\\/schema\\\/logo\\\/image\\\/\"}}]}<\/script>\n<meta property=\"product:price:amount\" content=\"6.00\" \/>\n<meta property=\"product:price:currency\" content=\"EUR\" \/>\n<meta property=\"og:availability\" content=\"instock\" \/>\n<meta property=\"product:availability\" content=\"instock\" \/>\n<meta property=\"product:condition\" content=\"new\" \/>\n<!-- \/ Yoast SEO plugin. -->","yoast_head_json":{"title":"Bresca de mel - La Mel de l&#039;Avi Joan","description":"Bresca de mel de La Mel de l\u2019Avi Joan: mel pura i natural, collida artesanalment i enviada en recipients segurs. Un producte saludable i ple de sabor.","robots":{"index":"index","follow":"follow","max-snippet":"max-snippet:-1","max-image-preview":"max-image-preview:large","max-video-preview":"max-video-preview:-1"},"canonical":"https:\/\/lameldelavijoan.cat\/es\/producto\/bresca-de-mel\/","og_locale":"es_ES","og_type":"article","og_title":"Bresca de mel - La Mel de l&#039;Avi Joan","og_description":"Bresca de mel de La Mel de l\u2019Avi Joan: mel pura i natural, collida artesanalment i enviada en recipients segurs. Un producte saludable i ple de sabor.","og_url":"https:\/\/lameldelavijoan.cat\/es\/producto\/bresca-de-mel\/","og_site_name":"La Mel de l&#039;Avi Joan","article_modified_time":"2026-01-04T20:06:32+00:00","og_image":[{"width":600,"height":600,"url":"https:\/\/lameldelavijoan.cat\/wp-content\/uploads\/2026\/01\/bresca_mel.webp","type":"image\/webp"}],"twitter_card":"summary_large_image","twitter_misc":{"Precio":"6,00&nbsp;&euro;","Disponibilidad":"Disponible"},"schema":{"@context":"https:\/\/schema.org","@graph":[{"@type":"WebPage","@id":"https:\/\/lameldelavijoan.cat\/producte\/bresca-de-mel\/","url":"https:\/\/lameldelavijoan.cat\/producte\/bresca-de-mel\/","name":"Bresca de mel - La Mel de l&#039;Avi Joan","isPartOf":{"@id":"https:\/\/lameldelavijoan.cat\/#website"},"primaryImageOfPage":{"@id":"https:\/\/lameldelavijoan.cat\/producte\/bresca-de-mel\/#primaryimage"},"image":{"@id":"https:\/\/lameldelavijoan.cat\/producte\/bresca-de-mel\/#primaryimage"},"thumbnailUrl":"https:\/\/lameldelavijoan.cat\/wp-content\/uploads\/2026\/01\/bresca_mel.webp","datePublished":"2025-10-05T13:39:19+00:00","dateModified":"2026-01-04T20:06:32+00:00","description":"Bresca de mel de La Mel de l\u2019Avi Joan: mel pura i natural, collida artesanalment i enviada en recipients segurs. Un producte saludable i ple de sabor.","breadcrumb":{"@id":"https:\/\/lameldelavijoan.cat\/producte\/bresca-de-mel\/#breadcrumb"},"inLanguage":"es","potentialAction":[{"@type":"ReadAction","target":["https:\/\/lameldelavijoan.cat\/producte\/bresca-de-mel\/"]}]},{"@type":"ImageObject","inLanguage":"es","@id":"https:\/\/lameldelavijoan.cat\/producte\/bresca-de-mel\/#primaryimage","url":"https:\/\/lameldelavijoan.cat\/wp-content\/uploads\/2026\/01\/bresca_mel.webp","contentUrl":"https:\/\/lameldelavijoan.cat\/wp-content\/uploads\/2026\/01\/bresca_mel.webp","width":600,"height":600},{"@type":"BreadcrumbList","@id":"https:\/\/lameldelavijoan.cat\/producte\/bresca-de-mel\/#breadcrumb","itemListElement":[{"@type":"ListItem","position":1,"name":"Home","item":"https:\/\/lameldelavijoan.cat\/"},{"@type":"ListItem","position":2,"name":"Productes","item":"https:\/\/lameldelavijoan.cat\/botiga\/"},{"@type":"ListItem","position":3,"name":"Bresca de mel"}]},{"@type":"WebSite","@id":"https:\/\/lameldelavijoan.cat\/#website","url":"https:\/\/lameldelavijoan.cat\/","name":"La Mel de l'Avi Joan","description":"La Mel de l&#039;Avi Joan - Mel artesana del Bergued\u00e0","publisher":{"@id":"https:\/\/lameldelavijoan.cat\/#organization"},"alternateName":"La Mel de l'Avi Joan","potentialAction":[{"@type":"SearchAction","target":{"@type":"EntryPoint","urlTemplate":"https:\/\/lameldelavijoan.cat\/?s={search_term_string}"},"query-input":{"@type":"PropertyValueSpecification","valueRequired":true,"valueName":"search_term_string"}}],"inLanguage":"es"},{"@type":"Organization","@id":"https:\/\/lameldelavijoan.cat\/#organization","name":"La Mel de l'Avi Joan","url":"https:\/\/lameldelavijoan.cat\/","logo":{"@type":"ImageObject","inLanguage":"es","@id":"https:\/\/lameldelavijoan.cat\/#\/schema\/logo\/image\/","url":"https:\/\/lameldelavijoan.cat\/wp-content\/uploads\/2025\/09\/Grafics.ai-3.png","contentUrl":"https:\/\/lameldelavijoan.cat\/wp-content\/uploads\/2025\/09\/Grafics.ai-3.png","width":84,"height":74,"caption":"La Mel de l'Avi Joan"},"image":{"@id":"https:\/\/lameldelavijoan.cat\/#\/schema\/logo\/image\/"}}]},"product_price_amount":"6.00","product_price_currency":"EUR","og_availability":"instock","product_availability":"instock","product_condition":"new"},"_links":{"self":[{"href":"https:\/\/lameldelavijoan.cat\/es\/wp-json\/wp\/v2\/product\/25974737","targetHints":{"allow":["GET"]}}],"collection":[{"href":"https:\/\/lameldelavijoan.cat\/es\/wp-json\/wp\/v2\/product"}],"about":[{"href":"https:\/\/lameldelavijoan.cat\/es\/wp-json\/wp\/v2\/types\/product"}],"wp:featuredmedia":[{"embeddable":true,"href":"https:\/\/lameldelavijoan.cat\/es\/wp-json\/wp\/v2\/media\/25975259"}],"wp:attachment":[{"href":"https:\/\/lameldelavijoan.cat\/es\/wp-json\/wp\/v2\/media?parent=25974737"}],"wp:term":[{"taxonomy":"product_brand","embeddable":true,"href":"https:\/\/lameldelavijoan.cat\/es\/wp-json\/wp\/v2\/product_brand?post=25974737"},{"taxonomy":"product_cat","embeddable":true,"href":"https:\/\/lameldelavijoan.cat\/es\/wp-json\/wp\/v2\/product_cat?post=25974737"},{"taxonomy":"product_tag","embeddable":true,"href":"https:\/\/lameldelavijoan.cat\/es\/wp-json\/wp\/v2\/product_tag?post=25974737"}],"curies":[{"name":"wp","href":"https:\/\/api.w.org\/{rel}","templated":true}]}}