{"id":65,"date":"2025-09-16T10:40:25","date_gmt":"2025-09-16T10:40:25","guid":{"rendered":"https:\/\/lameldelavijoan.cat\/?post_type=product&#038;p=65"},"modified":"2025-12-20T09:27:21","modified_gmt":"2025-12-20T09:27:21","slug":"mel-de-romani","status":"publish","type":"product","link":"https:\/\/lameldelavijoan.cat\/es\/producto\/mel-de-romani\/","title":{"rendered":"Miel de romero"},"content":{"rendered":"<h3 data-start=\"354\" data-end=\"381\">Autenticitat i origen<\/h3>\n<p data-start=\"382\" data-end=\"899\">La <strong data-start=\"385\" data-end=\"426\">mel de roman\u00ed de La Mel de l\u2019Avi Joan<\/strong> \u00e9s una de les varietats m\u00e9s apreciades per la seva suavitat i puresa. <strong data-start=\"497\" data-end=\"506\">Adem\u00e1s<\/strong>, \u00e9s produ\u00efda artesanalment al <strong data-start=\"537\" data-end=\"567\">Bergued\u00e0, Solson\u00e8s y Bages<\/strong>, i es recull durant els mesos de <strong data-start=\"601\" data-end=\"618\">febrer a maig<\/strong>, coincidint amb la floraci\u00f3 generosa del roman\u00ed. <strong data-start=\"668\" data-end=\"688\">D\u2019aquesta manera<\/strong>, s\u2019obt\u00e9 una <strong data-start=\"701\" data-end=\"723\">mel crua i natural<\/strong>, sense refinar, que conserva totes les seves propietats nutritives i arom\u00e0tiques. <strong data-start=\"806\" data-end=\"818\">Per aix\u00f2<\/strong>, reflecteix a la perfecci\u00f3 l\u2019ess\u00e8ncia de la primavera a les nostres muntanyes.<\/p>\n<hr data-start=\"901\" data-end=\"904\" \/>\n<h3 data-start=\"906\" data-end=\"948\">Caracter\u00edstiques de la mel de roman\u00ed<\/h3>\n<p data-start=\"949\" data-end=\"989\">Aquesta mel es reconeix f\u00e0cilment per:<\/p>\n<ul data-start=\"991\" data-end=\"1208\">\n<li data-start=\"991\" data-end=\"1056\">\n<p data-start=\"993\" data-end=\"1056\"><strong data-start=\"993\" data-end=\"1002\">Color<\/strong>: ambre molt clar, gaireb\u00e9 blanc quan cristal\u00b7litza.<\/p>\n<\/li>\n<li data-start=\"1057\" data-end=\"1116\">\n<p data-start=\"1059\" data-end=\"1116\"><strong data-start=\"1059\" data-end=\"1068\">Aroma<\/strong>: suau i delicat, amb notes florals lleugeres.<\/p>\n<\/li>\n<li data-start=\"1117\" data-end=\"1208\">\n<p data-start=\"1119\" data-end=\"1208\"><strong data-start=\"1119\" data-end=\"1127\">Gust<\/strong>: dol\u00e7 i suau, amb un toc fresc i lleugerament \u00e0cid que la fa molt equilibrada.<\/p>\n<\/li>\n<\/ul>\n<p data-start=\"1210\" data-end=\"1378\"><strong data-start=\"1210\" data-end=\"1222\">En canvi<\/strong>, quan cristal\u00b7litza adquireix una textura molt fina i agradable. <strong data-start=\"1288\" data-end=\"1300\">Per aix\u00f2<\/strong>, \u00e9s ideal per acompanyar infusions, iogurts, fruita o esmorzars saludables.<\/p>\n<hr data-start=\"1380\" data-end=\"1383\" \/>\n<h3 data-start=\"1385\" data-end=\"1413\">Propietats i beneficis<\/h3>\n<p data-start=\"1414\" data-end=\"1884\">La <strong data-start=\"1417\" data-end=\"1434\">mel de roman\u00ed<\/strong> \u00e9s coneguda tradicionalment per les seves propietats digestives i pel seu efecte benefici\u00f3s sobre el fetge. <strong data-start=\"1543\" data-end=\"1552\">Adem\u00e1s<\/strong>, ajuda a regular la pressi\u00f3 arterial, alleujar mol\u00e8sties g\u00e0striques i aportar energia natural d\u2019una manera saludable. <strong data-start=\"1671\" data-end=\"1684\">Finalment<\/strong>, a <strong data-start=\"1688\" data-end=\"1712\">La Mel de l\u2019Avi Joan<\/strong> treballem amb respecte per les abelles i el territori, de manera que garantim un producte d\u2019alta qualitat que porta a la teva taula l\u2019autenticitat de la natura catalana.<\/p>","protected":false},"excerpt":{"rendered":"<p data-start=\"1040\" data-end=\"1339\">La <strong data-start=\"1043\" data-end=\"1091\">miel de romero del Bergued\u00e0, Solson\u00e8s y Bages<\/strong> es una de las m\u00e1s apreciadas por su suavidad y elegancia. Las abejas la producen a finales de invierno y en primavera, aprovechando la generosa floraci\u00f3n del romero, para ofrecer una miel de alta calidad, clara y con un perfil organol\u00e9ptico \u00fanico.<\/p>","protected":false},"featured_media":25974710,"template":"","meta":{"_et_pb_use_builder":"","_et_pb_old_content":"","_et_gb_content_width":""},"product_brand":[],"product_cat":[38],"product_tag":[],"class_list":{"0":"post-65","1":"product","2":"type-product","3":"status-publish","4":"has-post-thumbnail","6":"product_cat-mel","8":"first","9":"instock","10":"shipping-taxable","11":"purchasable","12":"product-type-variable"},"yoast_head":"<!-- This site is optimized with the Yoast SEO plugin v27.5 - https:\/\/yoast.com\/product\/yoast-seo-wordpress\/ -->\n<title>Mel de roman\u00ed - La Mel de l&#039;Avi Joan<\/title>\n<meta name=\"description\" content=\"Mel de roman\u00ed del Bergued\u00e0, Solson\u00e8s i Bages de La Mel de l\u2019Avi Joan. Crua i natural, suau i equilibrada, amb propietats digestives i saludables.\" \/>\n<meta name=\"robots\" content=\"index, follow, max-snippet:-1, max-image-preview:large, max-video-preview:-1\" \/>\n<link rel=\"canonical\" href=\"https:\/\/lameldelavijoan.cat\/es\/producto\/mel-de-romani\/\" \/>\n<meta property=\"og:locale\" content=\"es_ES\" \/>\n<meta property=\"og:type\" content=\"article\" \/>\n<meta property=\"og:title\" content=\"Mel de roman\u00ed - La Mel de l&#039;Avi Joan\" \/>\n<meta property=\"og:description\" content=\"Mel de roman\u00ed del Bergued\u00e0, Solson\u00e8s i Bages de La Mel de l\u2019Avi Joan. Crua i natural, suau i equilibrada, amb propietats digestives i saludables.\" \/>\n<meta property=\"og:url\" content=\"https:\/\/lameldelavijoan.cat\/es\/producto\/mel-de-romani\/\" \/>\n<meta property=\"og:site_name\" content=\"La Mel de l&#039;Avi Joan\" \/>\n<meta property=\"article:modified_time\" content=\"2025-12-20T09:27:21+00:00\" \/>\n<meta property=\"og:image\" content=\"https:\/\/lameldelavijoan.cat\/wp-content\/uploads\/2025\/10\/mel_romani.png\" \/>\n\t<meta property=\"og:image:width\" content=\"600\" \/>\n\t<meta property=\"og:image:height\" content=\"600\" \/>\n\t<meta property=\"og:image:type\" content=\"image\/png\" \/>\n<meta name=\"twitter:card\" content=\"summary_large_image\" \/>\n<meta name=\"twitter:label1\" content=\"Disponibilidad\" \/>\n\t<meta name=\"twitter:data1\" content=\"Disponible\" \/>\n<script type=\"application\/ld+json\" class=\"yoast-schema-graph\">{\"@context\":\"https:\\\/\\\/schema.org\",\"@graph\":[{\"@type\":\"WebPage\",\"@id\":\"https:\\\/\\\/lameldelavijoan.cat\\\/producte\\\/mel-de-romani\\\/\",\"url\":\"https:\\\/\\\/lameldelavijoan.cat\\\/producte\\\/mel-de-romani\\\/\",\"name\":\"Mel de roman\u00ed - La Mel de l&#039;Avi Joan\",\"isPartOf\":{\"@id\":\"https:\\\/\\\/lameldelavijoan.cat\\\/#website\"},\"primaryImageOfPage\":{\"@id\":\"https:\\\/\\\/lameldelavijoan.cat\\\/producte\\\/mel-de-romani\\\/#primaryimage\"},\"image\":{\"@id\":\"https:\\\/\\\/lameldelavijoan.cat\\\/producte\\\/mel-de-romani\\\/#primaryimage\"},\"thumbnailUrl\":\"https:\\\/\\\/lameldelavijoan.cat\\\/wp-content\\\/uploads\\\/2025\\\/10\\\/mel_romani.png\",\"datePublished\":\"2025-09-16T10:40:25+00:00\",\"dateModified\":\"2025-12-20T09:27:21+00:00\",\"description\":\"Mel de roman\u00ed del Bergued\u00e0, Solson\u00e8s i Bages de La Mel de l\u2019Avi Joan. Crua i natural, suau i equilibrada, amb propietats digestives i saludables.\",\"breadcrumb\":{\"@id\":\"https:\\\/\\\/lameldelavijoan.cat\\\/producte\\\/mel-de-romani\\\/#breadcrumb\"},\"inLanguage\":\"es\",\"potentialAction\":[{\"@type\":\"ReadAction\",\"target\":[\"https:\\\/\\\/lameldelavijoan.cat\\\/producte\\\/mel-de-romani\\\/\"]}]},{\"@type\":\"ImageObject\",\"inLanguage\":\"es\",\"@id\":\"https:\\\/\\\/lameldelavijoan.cat\\\/producte\\\/mel-de-romani\\\/#primaryimage\",\"url\":\"https:\\\/\\\/lameldelavijoan.cat\\\/wp-content\\\/uploads\\\/2025\\\/10\\\/mel_romani.png\",\"contentUrl\":\"https:\\\/\\\/lameldelavijoan.cat\\\/wp-content\\\/uploads\\\/2025\\\/10\\\/mel_romani.png\",\"width\":600,\"height\":600},{\"@type\":\"BreadcrumbList\",\"@id\":\"https:\\\/\\\/lameldelavijoan.cat\\\/producte\\\/mel-de-romani\\\/#breadcrumb\",\"itemListElement\":[{\"@type\":\"ListItem\",\"position\":1,\"name\":\"Home\",\"item\":\"https:\\\/\\\/lameldelavijoan.cat\\\/\"},{\"@type\":\"ListItem\",\"position\":2,\"name\":\"Productes\",\"item\":\"https:\\\/\\\/lameldelavijoan.cat\\\/botiga\\\/\"},{\"@type\":\"ListItem\",\"position\":3,\"name\":\"Mel de roman\u00ed\"}]},{\"@type\":\"WebSite\",\"@id\":\"https:\\\/\\\/lameldelavijoan.cat\\\/#website\",\"url\":\"https:\\\/\\\/lameldelavijoan.cat\\\/\",\"name\":\"La Mel de l'Avi Joan\",\"description\":\"La Mel de l&#039;Avi Joan - Mel artesana del Bergued\u00e0\",\"publisher\":{\"@id\":\"https:\\\/\\\/lameldelavijoan.cat\\\/#organization\"},\"alternateName\":\"La Mel de l'Avi Joan\",\"potentialAction\":[{\"@type\":\"SearchAction\",\"target\":{\"@type\":\"EntryPoint\",\"urlTemplate\":\"https:\\\/\\\/lameldelavijoan.cat\\\/?s={search_term_string}\"},\"query-input\":{\"@type\":\"PropertyValueSpecification\",\"valueRequired\":true,\"valueName\":\"search_term_string\"}}],\"inLanguage\":\"es\"},{\"@type\":\"Organization\",\"@id\":\"https:\\\/\\\/lameldelavijoan.cat\\\/#organization\",\"name\":\"La Mel de l'Avi Joan\",\"url\":\"https:\\\/\\\/lameldelavijoan.cat\\\/\",\"logo\":{\"@type\":\"ImageObject\",\"inLanguage\":\"es\",\"@id\":\"https:\\\/\\\/lameldelavijoan.cat\\\/#\\\/schema\\\/logo\\\/image\\\/\",\"url\":\"https:\\\/\\\/lameldelavijoan.cat\\\/wp-content\\\/uploads\\\/2025\\\/09\\\/Grafics.ai-3.png\",\"contentUrl\":\"https:\\\/\\\/lameldelavijoan.cat\\\/wp-content\\\/uploads\\\/2025\\\/09\\\/Grafics.ai-3.png\",\"width\":84,\"height\":74,\"caption\":\"La Mel de l'Avi Joan\"},\"image\":{\"@id\":\"https:\\\/\\\/lameldelavijoan.cat\\\/#\\\/schema\\\/logo\\\/image\\\/\"}}]}<\/script>\n<meta property=\"og:availability\" content=\"instock\" \/>\n<meta property=\"product:availability\" content=\"instock\" \/>\n<meta property=\"product:condition\" content=\"new\" \/>\n<!-- \/ Yoast SEO plugin. -->","yoast_head_json":{"title":"Mel de roman\u00ed - La Mel de l&#039;Avi Joan","description":"Mel de roman\u00ed del Bergued\u00e0, Solson\u00e8s i Bages de La Mel de l\u2019Avi Joan. Crua i natural, suau i equilibrada, amb propietats digestives i saludables.","robots":{"index":"index","follow":"follow","max-snippet":"max-snippet:-1","max-image-preview":"max-image-preview:large","max-video-preview":"max-video-preview:-1"},"canonical":"https:\/\/lameldelavijoan.cat\/es\/producto\/mel-de-romani\/","og_locale":"es_ES","og_type":"article","og_title":"Mel de roman\u00ed - La Mel de l&#039;Avi Joan","og_description":"Mel de roman\u00ed del Bergued\u00e0, Solson\u00e8s i Bages de La Mel de l\u2019Avi Joan. Crua i natural, suau i equilibrada, amb propietats digestives i saludables.","og_url":"https:\/\/lameldelavijoan.cat\/es\/producto\/mel-de-romani\/","og_site_name":"La Mel de l&#039;Avi Joan","article_modified_time":"2025-12-20T09:27:21+00:00","og_image":[{"width":600,"height":600,"url":"https:\/\/lameldelavijoan.cat\/wp-content\/uploads\/2025\/10\/mel_romani.png","type":"image\/png"}],"twitter_card":"summary_large_image","twitter_misc":{"Disponibilidad":"Disponible"},"schema":{"@context":"https:\/\/schema.org","@graph":[{"@type":"WebPage","@id":"https:\/\/lameldelavijoan.cat\/producte\/mel-de-romani\/","url":"https:\/\/lameldelavijoan.cat\/producte\/mel-de-romani\/","name":"Mel de roman\u00ed - La Mel de l&#039;Avi Joan","isPartOf":{"@id":"https:\/\/lameldelavijoan.cat\/#website"},"primaryImageOfPage":{"@id":"https:\/\/lameldelavijoan.cat\/producte\/mel-de-romani\/#primaryimage"},"image":{"@id":"https:\/\/lameldelavijoan.cat\/producte\/mel-de-romani\/#primaryimage"},"thumbnailUrl":"https:\/\/lameldelavijoan.cat\/wp-content\/uploads\/2025\/10\/mel_romani.png","datePublished":"2025-09-16T10:40:25+00:00","dateModified":"2025-12-20T09:27:21+00:00","description":"Mel de roman\u00ed del Bergued\u00e0, Solson\u00e8s i Bages de La Mel de l\u2019Avi Joan. Crua i natural, suau i equilibrada, amb propietats digestives i saludables.","breadcrumb":{"@id":"https:\/\/lameldelavijoan.cat\/producte\/mel-de-romani\/#breadcrumb"},"inLanguage":"es","potentialAction":[{"@type":"ReadAction","target":["https:\/\/lameldelavijoan.cat\/producte\/mel-de-romani\/"]}]},{"@type":"ImageObject","inLanguage":"es","@id":"https:\/\/lameldelavijoan.cat\/producte\/mel-de-romani\/#primaryimage","url":"https:\/\/lameldelavijoan.cat\/wp-content\/uploads\/2025\/10\/mel_romani.png","contentUrl":"https:\/\/lameldelavijoan.cat\/wp-content\/uploads\/2025\/10\/mel_romani.png","width":600,"height":600},{"@type":"BreadcrumbList","@id":"https:\/\/lameldelavijoan.cat\/producte\/mel-de-romani\/#breadcrumb","itemListElement":[{"@type":"ListItem","position":1,"name":"Home","item":"https:\/\/lameldelavijoan.cat\/"},{"@type":"ListItem","position":2,"name":"Productes","item":"https:\/\/lameldelavijoan.cat\/botiga\/"},{"@type":"ListItem","position":3,"name":"Mel de roman\u00ed"}]},{"@type":"WebSite","@id":"https:\/\/lameldelavijoan.cat\/#website","url":"https:\/\/lameldelavijoan.cat\/","name":"La Mel de l'Avi Joan","description":"La Mel de l&#039;Avi Joan - Mel artesana del Bergued\u00e0","publisher":{"@id":"https:\/\/lameldelavijoan.cat\/#organization"},"alternateName":"La Mel de l'Avi Joan","potentialAction":[{"@type":"SearchAction","target":{"@type":"EntryPoint","urlTemplate":"https:\/\/lameldelavijoan.cat\/?s={search_term_string}"},"query-input":{"@type":"PropertyValueSpecification","valueRequired":true,"valueName":"search_term_string"}}],"inLanguage":"es"},{"@type":"Organization","@id":"https:\/\/lameldelavijoan.cat\/#organization","name":"La Mel de l'Avi Joan","url":"https:\/\/lameldelavijoan.cat\/","logo":{"@type":"ImageObject","inLanguage":"es","@id":"https:\/\/lameldelavijoan.cat\/#\/schema\/logo\/image\/","url":"https:\/\/lameldelavijoan.cat\/wp-content\/uploads\/2025\/09\/Grafics.ai-3.png","contentUrl":"https:\/\/lameldelavijoan.cat\/wp-content\/uploads\/2025\/09\/Grafics.ai-3.png","width":84,"height":74,"caption":"La Mel de l'Avi Joan"},"image":{"@id":"https:\/\/lameldelavijoan.cat\/#\/schema\/logo\/image\/"}}]},"og_availability":"instock","product_availability":"instock","product_condition":"new"},"_links":{"self":[{"href":"https:\/\/lameldelavijoan.cat\/es\/wp-json\/wp\/v2\/product\/65","targetHints":{"allow":["GET"]}}],"collection":[{"href":"https:\/\/lameldelavijoan.cat\/es\/wp-json\/wp\/v2\/product"}],"about":[{"href":"https:\/\/lameldelavijoan.cat\/es\/wp-json\/wp\/v2\/types\/product"}],"wp:featuredmedia":[{"embeddable":true,"href":"https:\/\/lameldelavijoan.cat\/es\/wp-json\/wp\/v2\/media\/25974710"}],"wp:attachment":[{"href":"https:\/\/lameldelavijoan.cat\/es\/wp-json\/wp\/v2\/media?parent=65"}],"wp:term":[{"taxonomy":"product_brand","embeddable":true,"href":"https:\/\/lameldelavijoan.cat\/es\/wp-json\/wp\/v2\/product_brand?post=65"},{"taxonomy":"product_cat","embeddable":true,"href":"https:\/\/lameldelavijoan.cat\/es\/wp-json\/wp\/v2\/product_cat?post=65"},{"taxonomy":"product_tag","embeddable":true,"href":"https:\/\/lameldelavijoan.cat\/es\/wp-json\/wp\/v2\/product_tag?post=65"}],"curies":[{"name":"wp","href":"https:\/\/api.w.org\/{rel}","templated":true}]}}