{"id":25974607,"date":"2025-10-04T10:21:49","date_gmt":"2025-10-04T10:21:49","guid":{"rendered":"https:\/\/lameldelavijoan.cat\/?post_type=product&#038;p=25974607"},"modified":"2026-01-04T14:04:51","modified_gmt":"2026-01-04T14:04:51","slug":"mel-de-farigola","status":"publish","type":"product","link":"https:\/\/lameldelavijoan.cat\/fr\/produit\/mel-de-farigola\/","title":{"rendered":"Miel de thym"},"content":{"rendered":"<h3 data-start=\"210\" data-end=\"237\">Autenticitat i origen<\/h3>\n<p data-start=\"238\" data-end=\"709\">Le <strong data-start=\"241\" data-end=\"284\">mel de farigola de La Mel de l\u2019Avi Joan<\/strong> \u00e9s una mel crua i artesana produ\u00efda a les <strong data-start=\"327\" data-end=\"347\">Terres de Ponent<\/strong> durant els mesos d\u2019<strong data-start=\"367\" data-end=\"383\">avril et mai<\/strong>, coincidint amb la florida generosa de la farigola silvestre. <strong data-start=\"446\" data-end=\"455\">De plus<\/strong>, \u00e9s collida de manera respectuosa amb les abelles i amb l\u2019entorn, garantint un producte aut\u00e8ntic i de proximitat. <strong data-start=\"570\" data-end=\"590\">D\u2019aquesta manera<\/strong>, aconseguim una mel d\u2019alta qualitat que concentra l\u2019ess\u00e8ncia d\u2019una de les plantes m\u00e9s apreciades de la nostra terra.<\/p>\n<hr data-start=\"711\" data-end=\"714\" \/>\n<h3 data-start=\"716\" data-end=\"760\">Caracter\u00edstiques de la mel de farigola<\/h3>\n<p data-start=\"761\" data-end=\"793\">Aquesta mel es distingeix per:<\/p>\n<ul data-start=\"794\" data-end=\"1014\">\n<li data-start=\"794\" data-end=\"850\">\n<p data-start=\"796\" data-end=\"850\"><strong data-start=\"796\" data-end=\"805\">Color<\/strong>: ambre mitj\u00e0, amb tons rogencs ocasionals.<\/p>\n<\/li>\n<li data-start=\"851\" data-end=\"932\">\n<p data-start=\"853\" data-end=\"932\"><strong data-start=\"853\" data-end=\"862\">Aroma<\/strong>: floral intens i molt caracter\u00edstic, fidel a la planta de farigola.<\/p>\n<\/li>\n<li data-start=\"933\" data-end=\"1014\">\n<p data-start=\"935\" data-end=\"1014\"><strong data-start=\"935\" data-end=\"943\">Gust<\/strong>: dol\u00e7 amb tocs afruitats i persistents, amb un final arom\u00e0tic llarg.<\/p>\n<\/li>\n<\/ul>\n<p data-start=\"1016\" data-end=\"1240\"><strong data-start=\"1016\" data-end=\"1028\">Per aix\u00f2<\/strong>, \u00e9s una mel molt valorada gastron\u00f2micament i perfecta per acompanyar infusions, formatges o plats tradicionals. <strong data-start=\"1141\" data-end=\"1153\">En canvi<\/strong>, quan cristal\u00b7litza adquireix una textura ferma i densa que confirma la seva puresa.<\/p>\n<hr data-start=\"1242\" data-end=\"1245\" \/>\n<h3 data-start=\"1247\" data-end=\"1275\">Propietats i beneficis<\/h3>\n<p data-start=\"1276\" data-end=\"1742\">Le <strong data-start=\"1279\" data-end=\"1298\">mel de farigola<\/strong> \u00e9s reconeguda pels seus m\u00faltiples beneficis per a la salut. <strong data-start=\"1359\" data-end=\"1368\">De plus<\/strong>, t\u00e9 propietats calmants i expectorants, per la qual cosa \u00e9s indicada per alleujar afeccions respirat\u00f2ries com la tos, l\u2019asma o la irritaci\u00f3 de gola. <strong data-start=\"1518\" data-end=\"1531\">Finalment<\/strong>, ajuda a regular la tensi\u00f3 arterial i \u00e9s un reconstituent natural contra la fatiga i l\u2019ast\u00e8nia. A <strong data-start=\"1630\" data-end=\"1654\">La Mel de l\u2019Avi Joan<\/strong>, treballem amb passi\u00f3 per oferir una mel \u00fanica que uneix tradici\u00f3, natura i benestar.<\/p>","protected":false},"excerpt":{"rendered":"<p>Le <strong data-start=\"241\" data-end=\"284\">miel de thym des Terres de Ponent<\/strong> c\u2019est un miel cru et artisanal produit durant les mois d\u2019avril et de mai, co\u00efncidant avec la floraison g\u00e9n\u00e9reuse du thym sauvage. De plus, il est r\u00e9colt\u00e9 dans le respect des abeilles et de l\u2019environnement, garantissant un produit authentique et local.<\/p>","protected":false},"featured_media":25974712,"template":"","meta":{"_et_pb_use_builder":"","_et_pb_old_content":"","_et_gb_content_width":""},"product_brand":[],"product_cat":[38],"product_tag":[],"class_list":{"0":"post-25974607","1":"product","2":"type-product","3":"status-publish","4":"has-post-thumbnail","6":"product_cat-mel","8":"first","9":"instock","10":"shipping-taxable","11":"purchasable","12":"product-type-variable"},"yoast_head":"<!-- This site is optimized with the Yoast SEO plugin v27.5 - https:\/\/yoast.com\/product\/yoast-seo-wordpress\/ -->\n<title>Mel de farigola - La Mel de l&#039;Avi Joan<\/title>\n<meta name=\"description\" content=\"Mel de farigola de les Terres de Ponent de La Mel de l\u2019Avi Joan. Crua i artesana, amb aroma intens i beneficis naturals per a la salut respirat\u00f2ria.\" \/>\n<meta name=\"robots\" content=\"index, follow, max-snippet:-1, max-image-preview:large, max-video-preview:-1\" \/>\n<link rel=\"canonical\" href=\"https:\/\/lameldelavijoan.cat\/fr\/produit\/mel-de-farigola\/\" \/>\n<meta property=\"og:locale\" content=\"fr_FR\" \/>\n<meta property=\"og:type\" content=\"article\" \/>\n<meta property=\"og:title\" content=\"Mel de farigola - La Mel de l&#039;Avi Joan\" \/>\n<meta property=\"og:description\" content=\"Mel de farigola de les Terres de Ponent de La Mel de l\u2019Avi Joan. Crua i artesana, amb aroma intens i beneficis naturals per a la salut respirat\u00f2ria.\" \/>\n<meta property=\"og:url\" content=\"https:\/\/lameldelavijoan.cat\/fr\/produit\/mel-de-farigola\/\" \/>\n<meta property=\"og:site_name\" content=\"La Mel de l&#039;Avi Joan\" \/>\n<meta property=\"article:modified_time\" content=\"2026-01-04T14:04:51+00:00\" \/>\n<meta property=\"og:image\" content=\"https:\/\/lameldelavijoan.cat\/wp-content\/uploads\/2025\/10\/mel_farigola.png\" \/>\n\t<meta property=\"og:image:width\" content=\"600\" \/>\n\t<meta property=\"og:image:height\" content=\"600\" \/>\n\t<meta property=\"og:image:type\" content=\"image\/png\" \/>\n<meta name=\"twitter:card\" content=\"summary_large_image\" \/>\n<meta name=\"twitter:label1\" content=\"Disponibilit\u00e9\" \/>\n\t<meta name=\"twitter:data1\" content=\"En stock\" \/>\n<script type=\"application\/ld+json\" class=\"yoast-schema-graph\">{\"@context\":\"https:\\\/\\\/schema.org\",\"@graph\":[{\"@type\":\"WebPage\",\"@id\":\"https:\\\/\\\/lameldelavijoan.cat\\\/producte\\\/mel-de-farigola\\\/\",\"url\":\"https:\\\/\\\/lameldelavijoan.cat\\\/producte\\\/mel-de-farigola\\\/\",\"name\":\"Mel de farigola - La Mel de l&#039;Avi Joan\",\"isPartOf\":{\"@id\":\"https:\\\/\\\/lameldelavijoan.cat\\\/#website\"},\"primaryImageOfPage\":{\"@id\":\"https:\\\/\\\/lameldelavijoan.cat\\\/producte\\\/mel-de-farigola\\\/#primaryimage\"},\"image\":{\"@id\":\"https:\\\/\\\/lameldelavijoan.cat\\\/producte\\\/mel-de-farigola\\\/#primaryimage\"},\"thumbnailUrl\":\"https:\\\/\\\/lameldelavijoan.cat\\\/wp-content\\\/uploads\\\/2025\\\/10\\\/mel_farigola.png\",\"datePublished\":\"2025-10-04T10:21:49+00:00\",\"dateModified\":\"2026-01-04T14:04:51+00:00\",\"description\":\"Mel de farigola de les Terres de Ponent de La Mel de l\u2019Avi Joan. Crua i artesana, amb aroma intens i beneficis naturals per a la salut respirat\u00f2ria.\",\"breadcrumb\":{\"@id\":\"https:\\\/\\\/lameldelavijoan.cat\\\/producte\\\/mel-de-farigola\\\/#breadcrumb\"},\"inLanguage\":\"fr-FR\",\"potentialAction\":[{\"@type\":\"ReadAction\",\"target\":[\"https:\\\/\\\/lameldelavijoan.cat\\\/producte\\\/mel-de-farigola\\\/\"]}]},{\"@type\":\"ImageObject\",\"inLanguage\":\"fr-FR\",\"@id\":\"https:\\\/\\\/lameldelavijoan.cat\\\/producte\\\/mel-de-farigola\\\/#primaryimage\",\"url\":\"https:\\\/\\\/lameldelavijoan.cat\\\/wp-content\\\/uploads\\\/2025\\\/10\\\/mel_farigola.png\",\"contentUrl\":\"https:\\\/\\\/lameldelavijoan.cat\\\/wp-content\\\/uploads\\\/2025\\\/10\\\/mel_farigola.png\",\"width\":600,\"height\":600},{\"@type\":\"BreadcrumbList\",\"@id\":\"https:\\\/\\\/lameldelavijoan.cat\\\/producte\\\/mel-de-farigola\\\/#breadcrumb\",\"itemListElement\":[{\"@type\":\"ListItem\",\"position\":1,\"name\":\"Home\",\"item\":\"https:\\\/\\\/lameldelavijoan.cat\\\/\"},{\"@type\":\"ListItem\",\"position\":2,\"name\":\"Productes\",\"item\":\"https:\\\/\\\/lameldelavijoan.cat\\\/botiga\\\/\"},{\"@type\":\"ListItem\",\"position\":3,\"name\":\"Mel de farigola\"}]},{\"@type\":\"WebSite\",\"@id\":\"https:\\\/\\\/lameldelavijoan.cat\\\/#website\",\"url\":\"https:\\\/\\\/lameldelavijoan.cat\\\/\",\"name\":\"La Mel de l'Avi Joan\",\"description\":\"La Mel de l&#039;Avi Joan - Mel artesana del Bergued\u00e0\",\"publisher\":{\"@id\":\"https:\\\/\\\/lameldelavijoan.cat\\\/#organization\"},\"alternateName\":\"La Mel de l'Avi Joan\",\"potentialAction\":[{\"@type\":\"SearchAction\",\"target\":{\"@type\":\"EntryPoint\",\"urlTemplate\":\"https:\\\/\\\/lameldelavijoan.cat\\\/?s={search_term_string}\"},\"query-input\":{\"@type\":\"PropertyValueSpecification\",\"valueRequired\":true,\"valueName\":\"search_term_string\"}}],\"inLanguage\":\"fr-FR\"},{\"@type\":\"Organization\",\"@id\":\"https:\\\/\\\/lameldelavijoan.cat\\\/#organization\",\"name\":\"La Mel de l'Avi Joan\",\"url\":\"https:\\\/\\\/lameldelavijoan.cat\\\/\",\"logo\":{\"@type\":\"ImageObject\",\"inLanguage\":\"fr-FR\",\"@id\":\"https:\\\/\\\/lameldelavijoan.cat\\\/#\\\/schema\\\/logo\\\/image\\\/\",\"url\":\"https:\\\/\\\/lameldelavijoan.cat\\\/wp-content\\\/uploads\\\/2025\\\/09\\\/Grafics.ai-3.png\",\"contentUrl\":\"https:\\\/\\\/lameldelavijoan.cat\\\/wp-content\\\/uploads\\\/2025\\\/09\\\/Grafics.ai-3.png\",\"width\":84,\"height\":74,\"caption\":\"La Mel de l'Avi Joan\"},\"image\":{\"@id\":\"https:\\\/\\\/lameldelavijoan.cat\\\/#\\\/schema\\\/logo\\\/image\\\/\"}}]}<\/script>\n<meta property=\"og:availability\" content=\"instock\" \/>\n<meta property=\"product:availability\" content=\"instock\" \/>\n<meta property=\"product:condition\" content=\"new\" \/>\n<!-- \/ Yoast SEO plugin. -->","yoast_head_json":{"title":"Mel de farigola - La Mel de l&#039;Avi Joan","description":"Mel de farigola de les Terres de Ponent de La Mel de l\u2019Avi Joan. Crua i artesana, amb aroma intens i beneficis naturals per a la salut respirat\u00f2ria.","robots":{"index":"index","follow":"follow","max-snippet":"max-snippet:-1","max-image-preview":"max-image-preview:large","max-video-preview":"max-video-preview:-1"},"canonical":"https:\/\/lameldelavijoan.cat\/fr\/produit\/mel-de-farigola\/","og_locale":"fr_FR","og_type":"article","og_title":"Mel de farigola - La Mel de l&#039;Avi Joan","og_description":"Mel de farigola de les Terres de Ponent de La Mel de l\u2019Avi Joan. Crua i artesana, amb aroma intens i beneficis naturals per a la salut respirat\u00f2ria.","og_url":"https:\/\/lameldelavijoan.cat\/fr\/produit\/mel-de-farigola\/","og_site_name":"La Mel de l&#039;Avi Joan","article_modified_time":"2026-01-04T14:04:51+00:00","og_image":[{"width":600,"height":600,"url":"https:\/\/lameldelavijoan.cat\/wp-content\/uploads\/2025\/10\/mel_farigola.png","type":"image\/png"}],"twitter_card":"summary_large_image","twitter_misc":{"Disponibilit\u00e9":"En stock"},"schema":{"@context":"https:\/\/schema.org","@graph":[{"@type":"WebPage","@id":"https:\/\/lameldelavijoan.cat\/producte\/mel-de-farigola\/","url":"https:\/\/lameldelavijoan.cat\/producte\/mel-de-farigola\/","name":"Mel de farigola - La Mel de l&#039;Avi Joan","isPartOf":{"@id":"https:\/\/lameldelavijoan.cat\/#website"},"primaryImageOfPage":{"@id":"https:\/\/lameldelavijoan.cat\/producte\/mel-de-farigola\/#primaryimage"},"image":{"@id":"https:\/\/lameldelavijoan.cat\/producte\/mel-de-farigola\/#primaryimage"},"thumbnailUrl":"https:\/\/lameldelavijoan.cat\/wp-content\/uploads\/2025\/10\/mel_farigola.png","datePublished":"2025-10-04T10:21:49+00:00","dateModified":"2026-01-04T14:04:51+00:00","description":"Mel de farigola de les Terres de Ponent de La Mel de l\u2019Avi Joan. Crua i artesana, amb aroma intens i beneficis naturals per a la salut respirat\u00f2ria.","breadcrumb":{"@id":"https:\/\/lameldelavijoan.cat\/producte\/mel-de-farigola\/#breadcrumb"},"inLanguage":"fr-FR","potentialAction":[{"@type":"ReadAction","target":["https:\/\/lameldelavijoan.cat\/producte\/mel-de-farigola\/"]}]},{"@type":"ImageObject","inLanguage":"fr-FR","@id":"https:\/\/lameldelavijoan.cat\/producte\/mel-de-farigola\/#primaryimage","url":"https:\/\/lameldelavijoan.cat\/wp-content\/uploads\/2025\/10\/mel_farigola.png","contentUrl":"https:\/\/lameldelavijoan.cat\/wp-content\/uploads\/2025\/10\/mel_farigola.png","width":600,"height":600},{"@type":"BreadcrumbList","@id":"https:\/\/lameldelavijoan.cat\/producte\/mel-de-farigola\/#breadcrumb","itemListElement":[{"@type":"ListItem","position":1,"name":"Home","item":"https:\/\/lameldelavijoan.cat\/"},{"@type":"ListItem","position":2,"name":"Productes","item":"https:\/\/lameldelavijoan.cat\/botiga\/"},{"@type":"ListItem","position":3,"name":"Mel de farigola"}]},{"@type":"WebSite","@id":"https:\/\/lameldelavijoan.cat\/#website","url":"https:\/\/lameldelavijoan.cat\/","name":"La Mel de l'Avi Joan","description":"La Mel de l&#039;Avi Joan - Mel artesana del Bergued\u00e0","publisher":{"@id":"https:\/\/lameldelavijoan.cat\/#organization"},"alternateName":"La Mel de l'Avi Joan","potentialAction":[{"@type":"SearchAction","target":{"@type":"EntryPoint","urlTemplate":"https:\/\/lameldelavijoan.cat\/?s={search_term_string}"},"query-input":{"@type":"PropertyValueSpecification","valueRequired":true,"valueName":"search_term_string"}}],"inLanguage":"fr-FR"},{"@type":"Organization","@id":"https:\/\/lameldelavijoan.cat\/#organization","name":"La Mel de l'Avi Joan","url":"https:\/\/lameldelavijoan.cat\/","logo":{"@type":"ImageObject","inLanguage":"fr-FR","@id":"https:\/\/lameldelavijoan.cat\/#\/schema\/logo\/image\/","url":"https:\/\/lameldelavijoan.cat\/wp-content\/uploads\/2025\/09\/Grafics.ai-3.png","contentUrl":"https:\/\/lameldelavijoan.cat\/wp-content\/uploads\/2025\/09\/Grafics.ai-3.png","width":84,"height":74,"caption":"La Mel de l'Avi Joan"},"image":{"@id":"https:\/\/lameldelavijoan.cat\/#\/schema\/logo\/image\/"}}]},"og_availability":"instock","product_availability":"instock","product_condition":"new"},"_links":{"self":[{"href":"https:\/\/lameldelavijoan.cat\/fr\/wp-json\/wp\/v2\/product\/25974607","targetHints":{"allow":["GET"]}}],"collection":[{"href":"https:\/\/lameldelavijoan.cat\/fr\/wp-json\/wp\/v2\/product"}],"about":[{"href":"https:\/\/lameldelavijoan.cat\/fr\/wp-json\/wp\/v2\/types\/product"}],"wp:featuredmedia":[{"embeddable":true,"href":"https:\/\/lameldelavijoan.cat\/fr\/wp-json\/wp\/v2\/media\/25974712"}],"wp:attachment":[{"href":"https:\/\/lameldelavijoan.cat\/fr\/wp-json\/wp\/v2\/media?parent=25974607"}],"wp:term":[{"taxonomy":"product_brand","embeddable":true,"href":"https:\/\/lameldelavijoan.cat\/fr\/wp-json\/wp\/v2\/product_brand?post=25974607"},{"taxonomy":"product_cat","embeddable":true,"href":"https:\/\/lameldelavijoan.cat\/fr\/wp-json\/wp\/v2\/product_cat?post=25974607"},{"taxonomy":"product_tag","embeddable":true,"href":"https:\/\/lameldelavijoan.cat\/fr\/wp-json\/wp\/v2\/product_tag?post=25974607"}],"curies":[{"name":"wp","href":"https:\/\/api.w.org\/{rel}","templated":true}]}}