{"id":25974734,"date":"2025-10-05T13:32:30","date_gmt":"2025-10-05T13:32:30","guid":{"rendered":"https:\/\/lameldelavijoan.cat\/?post_type=product&#038;p=25974734"},"modified":"2026-01-04T20:05:43","modified_gmt":"2026-01-04T20:05:43","slug":"espelmes-de-mel","status":"publish","type":"product","link":"https:\/\/lameldelavijoan.cat\/fr\/produit\/espelmes-de-mel\/","title":{"rendered":"Bougies au miel"},"content":{"rendered":"<h2 data-start=\"328\" data-end=\"358\">Espelmes artesanes de mel<\/h2>\n<p data-start=\"360\" data-end=\"558\">A <em data-start=\"362\" data-end=\"384\">La Mel de l\u2019Avi Joan<\/em> elaborem espelmes artesanes amb cura i dedicaci\u00f3. Seguint m\u00e8todes tradicionals que respecten la natura i l\u2019ofici ap\u00edcola, aconseguim un producte natural i aut\u00e8ntic.<\/p>\n<p data-start=\"560\" data-end=\"758\">Aquestes espelmes destaquen per la seva aroma dol\u00e7a i natural, que recorda la mel acabada de collir. A m\u00e9s, ofereixen una llum c\u00e0lida i suau que transforma qualsevol ambient en un espai acollidor.<\/p>\n<hr data-start=\"760\" data-end=\"763\" \/>\n<h2 data-start=\"765\" data-end=\"802\">Beneficis de les espelmes<\/h2>\n<p data-start=\"804\" data-end=\"984\">Les nostres espelmes no nom\u00e9s s\u00f3n decoratives. Tamb\u00e9 aporten m\u00faltiples beneficis per a la llar i el benestar personal. Per aix\u00f2, s\u00f3n molt m\u00e9s que un simple detall est\u00e8tic.<\/p>\n<ul data-start=\"986\" data-end=\"1344\">\n<li data-start=\"986\" data-end=\"1052\">\n<p data-start=\"988\" data-end=\"1052\">Desprenen un <strong data-start=\"1001\" data-end=\"1025\">aroma natural i dol\u00e7<\/strong> que evoca la mel fresca.<\/p>\n<\/li>\n<li data-start=\"1053\" data-end=\"1109\">\n<p data-start=\"1055\" data-end=\"1109\"><strong data-start=\"1055\" data-end=\"1086\">Aporten calidesa i harmonia<\/strong> a qualsevol estan\u00e7a.<\/p>\n<\/li>\n<li data-start=\"1110\" data-end=\"1193\">\n<p data-start=\"1112\" data-end=\"1193\">S\u00f3n elaborades amb <strong data-start=\"1131\" data-end=\"1170\">ingredients naturals i respectuosos<\/strong> amb el medi ambient.<\/p>\n<\/li>\n<li data-start=\"1194\" data-end=\"1268\">\n<p data-start=\"1196\" data-end=\"1268\">Ofereixen una <strong data-start=\"1210\" data-end=\"1237\">cremada suau i uniforme<\/strong>, ideal per allargar-ne l\u2019\u00fas.<\/p>\n<\/li>\n<li data-start=\"1269\" data-end=\"1344\">\n<p data-start=\"1271\" data-end=\"1344\">S\u00f3n perfectes per a la <strong data-start=\"1294\" data-end=\"1341\">relaxaci\u00f3 i la creaci\u00f3 d\u2019ambients tranquils<\/strong>.<\/p>\n<\/li>\n<\/ul>\n<p data-start=\"1346\" data-end=\"1422\">En resum, les espelmes de mel combinen bellesa, sostenibilitat i benestar.<\/p>\n<hr data-start=\"1424\" data-end=\"1427\" \/>\n<h2 data-start=\"1429\" data-end=\"1459\">Varietat i formes \u00faniques<\/h2>\n<p data-start=\"1461\" data-end=\"1613\">A <em data-start=\"1463\" data-end=\"1485\">La Mel de l\u2019Avi Joan<\/em> oferim espelmes de mel en diferents dissenys i formats. D\u2019aquesta manera, pots escollir la que millor s\u2019adapti a cada ocasi\u00f3.<\/p>\n<ul data-start=\"1615\" data-end=\"1873\">\n<li data-start=\"1615\" data-end=\"1662\">\n<p data-start=\"1617\" data-end=\"1662\">Espelmes decoratives per a taules i salons.<\/p>\n<\/li>\n<li data-start=\"1663\" data-end=\"1719\">\n<p data-start=\"1665\" data-end=\"1719\">Formes originals i artesanes per a regals especials.<\/p>\n<\/li>\n<li data-start=\"1720\" data-end=\"1770\">\n<p data-start=\"1722\" data-end=\"1770\">Espelmes petites en packs per a detalls \u00fanics.<\/p>\n<\/li>\n<li data-start=\"1771\" data-end=\"1819\">\n<p data-start=\"1773\" data-end=\"1819\">Dissenys senzills i elegants per a \u00fas diari.<\/p>\n<\/li>\n<li data-start=\"1820\" data-end=\"1873\">\n<p data-start=\"1822\" data-end=\"1873\">Peces exclusives fetes a m\u00e0 amb acabats naturals.<\/p>\n<\/li>\n<\/ul>\n<p data-start=\"1875\" data-end=\"2020\">D\u2019altra banda, cada espelma \u00e9s diferent i irrepetible. Aix\u00f2 \u00e9s possible gr\u00e0cies al proc\u00e9s artesanal, que garanteix autenticitat i singularitat.<\/p>\n<hr data-start=\"2022\" data-end=\"2025\" \/>\n<h2 data-start=\"2027\" data-end=\"2062\">Regal amb encant i naturalitat<\/h2>\n<p data-start=\"2064\" data-end=\"2238\">Les espelmes s\u00f3n una opci\u00f3 ideal per sorprendre amb un detall original i ple de significat. A m\u00e9s, transmeten valors i emocions que van m\u00e9s enll\u00e0 de l\u2019objecte en si.<\/p>\n<p data-start=\"2240\" data-end=\"2271\">En regalar-les, comparteixes:<\/p>\n<ul data-start=\"2273\" data-end=\"2421\">\n<li data-start=\"2273\" data-end=\"2308\">\n<p data-start=\"2275\" data-end=\"2308\">Tradici\u00f3 i artesania aut\u00e8ntica.<\/p>\n<\/li>\n<li data-start=\"2309\" data-end=\"2338\">\n<p data-start=\"2311\" data-end=\"2338\">Aromes naturals i dolces.<\/p>\n<\/li>\n<li data-start=\"2339\" data-end=\"2386\">\n<p data-start=\"2341\" data-end=\"2386\">Un producte respectu\u00f3s amb el medi ambient.<\/p>\n<\/li>\n<li data-start=\"2387\" data-end=\"2421\">\n<p data-start=\"2389\" data-end=\"2421\">Llum i calidesa per a la llar.<\/p>\n<\/li>\n<\/ul>\n<p data-start=\"2423\" data-end=\"2609\">Finalment, les espelmes de mel de <em data-start=\"2457\" data-end=\"2479\">La Mel de l\u2019Avi Joan<\/em> s\u00f3n un obsequi que combina natura, sostenibilitat i bellesa. Per aix\u00f2, es converteixen en un record inoblidable i ple d\u2019encant.<\/p>","protected":false},"excerpt":{"rendered":"<p data-start=\"214\" data-end=\"417\"><strong>Bougie artisanale en cire d\u2019abeille<\/strong>, fabriqu\u00e9e de mani\u00e8re traditionnelle avec des ingr\u00e9dients naturels, d\u00e9gageant une lumi\u00e8re chaleureuse et un ar\u00f4me doux et authentique. Une pi\u00e8ce unique qui unit nature, bien-\u00eatre et artisanat.<\/p>","protected":false},"featured_media":25975260,"template":"","meta":{"_et_pb_use_builder":"","_et_pb_old_content":"","_et_gb_content_width":""},"product_brand":[],"product_cat":[39],"product_tag":[],"class_list":{"0":"post-25974734","1":"product","2":"type-product","3":"status-publish","4":"has-post-thumbnail","6":"product_cat-mes-mel","8":"first","9":"instock","10":"shipping-taxable","11":"purchasable","12":"product-type-variable"},"yoast_head":"<!-- This site is optimized with the Yoast SEO plugin v27.5 - https:\/\/yoast.com\/product\/yoast-seo-wordpress\/ -->\n<title>Espelmes de mel - La Mel de l&#039;Avi Joan<\/title>\n<meta name=\"description\" content=\"Espelmes artesanes de mel de La Mel de l\u2019Avi Joan. Aroma dol\u00e7 i natural, llum c\u00e0lida i formes \u00faniques fetes a m\u00e0. Una opci\u00f3 perfecta per decorar.\" \/>\n<meta name=\"robots\" content=\"index, follow, max-snippet:-1, max-image-preview:large, max-video-preview:-1\" \/>\n<link rel=\"canonical\" href=\"https:\/\/lameldelavijoan.cat\/fr\/produit\/espelmes-de-mel\/\" \/>\n<meta property=\"og:locale\" content=\"fr_FR\" \/>\n<meta property=\"og:type\" content=\"article\" \/>\n<meta property=\"og:title\" content=\"Espelmes de mel - La Mel de l&#039;Avi Joan\" \/>\n<meta property=\"og:description\" content=\"Espelmes artesanes de mel de La Mel de l\u2019Avi Joan. Aroma dol\u00e7 i natural, llum c\u00e0lida i formes \u00faniques fetes a m\u00e0. Una opci\u00f3 perfecta per decorar.\" \/>\n<meta property=\"og:url\" content=\"https:\/\/lameldelavijoan.cat\/fr\/produit\/espelmes-de-mel\/\" \/>\n<meta property=\"og:site_name\" content=\"La Mel de l&#039;Avi Joan\" \/>\n<meta property=\"article:modified_time\" content=\"2026-01-04T20:05:43+00:00\" \/>\n<meta property=\"og:image\" content=\"https:\/\/lameldelavijoan.cat\/wp-content\/uploads\/2026\/01\/esplema_mel.webp\" \/>\n\t<meta property=\"og:image:width\" content=\"600\" \/>\n\t<meta property=\"og:image:height\" content=\"600\" \/>\n\t<meta property=\"og:image:type\" content=\"image\/webp\" \/>\n<meta name=\"twitter:card\" content=\"summary_large_image\" \/>\n<meta name=\"twitter:label1\" content=\"Disponibilit\u00e9\" \/>\n\t<meta name=\"twitter:data1\" content=\"En stock\" \/>\n<script type=\"application\/ld+json\" class=\"yoast-schema-graph\">{\"@context\":\"https:\\\/\\\/schema.org\",\"@graph\":[{\"@type\":\"WebPage\",\"@id\":\"https:\\\/\\\/lameldelavijoan.cat\\\/producte\\\/espelmes-de-mel\\\/\",\"url\":\"https:\\\/\\\/lameldelavijoan.cat\\\/producte\\\/espelmes-de-mel\\\/\",\"name\":\"Espelmes de mel - La Mel de l&#039;Avi Joan\",\"isPartOf\":{\"@id\":\"https:\\\/\\\/lameldelavijoan.cat\\\/#website\"},\"primaryImageOfPage\":{\"@id\":\"https:\\\/\\\/lameldelavijoan.cat\\\/producte\\\/espelmes-de-mel\\\/#primaryimage\"},\"image\":{\"@id\":\"https:\\\/\\\/lameldelavijoan.cat\\\/producte\\\/espelmes-de-mel\\\/#primaryimage\"},\"thumbnailUrl\":\"https:\\\/\\\/lameldelavijoan.cat\\\/wp-content\\\/uploads\\\/2026\\\/01\\\/esplema_mel.webp\",\"datePublished\":\"2025-10-05T13:32:30+00:00\",\"dateModified\":\"2026-01-04T20:05:43+00:00\",\"description\":\"Espelmes artesanes de mel de La Mel de l\u2019Avi Joan. Aroma dol\u00e7 i natural, llum c\u00e0lida i formes \u00faniques fetes a m\u00e0. Una opci\u00f3 perfecta per decorar.\",\"breadcrumb\":{\"@id\":\"https:\\\/\\\/lameldelavijoan.cat\\\/producte\\\/espelmes-de-mel\\\/#breadcrumb\"},\"inLanguage\":\"fr-FR\",\"potentialAction\":[{\"@type\":\"ReadAction\",\"target\":[\"https:\\\/\\\/lameldelavijoan.cat\\\/producte\\\/espelmes-de-mel\\\/\"]}]},{\"@type\":\"ImageObject\",\"inLanguage\":\"fr-FR\",\"@id\":\"https:\\\/\\\/lameldelavijoan.cat\\\/producte\\\/espelmes-de-mel\\\/#primaryimage\",\"url\":\"https:\\\/\\\/lameldelavijoan.cat\\\/wp-content\\\/uploads\\\/2026\\\/01\\\/esplema_mel.webp\",\"contentUrl\":\"https:\\\/\\\/lameldelavijoan.cat\\\/wp-content\\\/uploads\\\/2026\\\/01\\\/esplema_mel.webp\",\"width\":600,\"height\":600},{\"@type\":\"BreadcrumbList\",\"@id\":\"https:\\\/\\\/lameldelavijoan.cat\\\/producte\\\/espelmes-de-mel\\\/#breadcrumb\",\"itemListElement\":[{\"@type\":\"ListItem\",\"position\":1,\"name\":\"Home\",\"item\":\"https:\\\/\\\/lameldelavijoan.cat\\\/\"},{\"@type\":\"ListItem\",\"position\":2,\"name\":\"Productes\",\"item\":\"https:\\\/\\\/lameldelavijoan.cat\\\/botiga\\\/\"},{\"@type\":\"ListItem\",\"position\":3,\"name\":\"Espelmes de mel\"}]},{\"@type\":\"WebSite\",\"@id\":\"https:\\\/\\\/lameldelavijoan.cat\\\/#website\",\"url\":\"https:\\\/\\\/lameldelavijoan.cat\\\/\",\"name\":\"La Mel de l'Avi Joan\",\"description\":\"La Mel de l&#039;Avi Joan - Mel artesana del Bergued\u00e0\",\"publisher\":{\"@id\":\"https:\\\/\\\/lameldelavijoan.cat\\\/#organization\"},\"alternateName\":\"La Mel de l'Avi Joan\",\"potentialAction\":[{\"@type\":\"SearchAction\",\"target\":{\"@type\":\"EntryPoint\",\"urlTemplate\":\"https:\\\/\\\/lameldelavijoan.cat\\\/?s={search_term_string}\"},\"query-input\":{\"@type\":\"PropertyValueSpecification\",\"valueRequired\":true,\"valueName\":\"search_term_string\"}}],\"inLanguage\":\"fr-FR\"},{\"@type\":\"Organization\",\"@id\":\"https:\\\/\\\/lameldelavijoan.cat\\\/#organization\",\"name\":\"La Mel de l'Avi Joan\",\"url\":\"https:\\\/\\\/lameldelavijoan.cat\\\/\",\"logo\":{\"@type\":\"ImageObject\",\"inLanguage\":\"fr-FR\",\"@id\":\"https:\\\/\\\/lameldelavijoan.cat\\\/#\\\/schema\\\/logo\\\/image\\\/\",\"url\":\"https:\\\/\\\/lameldelavijoan.cat\\\/wp-content\\\/uploads\\\/2025\\\/09\\\/Grafics.ai-3.png\",\"contentUrl\":\"https:\\\/\\\/lameldelavijoan.cat\\\/wp-content\\\/uploads\\\/2025\\\/09\\\/Grafics.ai-3.png\",\"width\":84,\"height\":74,\"caption\":\"La Mel de l'Avi Joan\"},\"image\":{\"@id\":\"https:\\\/\\\/lameldelavijoan.cat\\\/#\\\/schema\\\/logo\\\/image\\\/\"}}]}<\/script>\n<meta property=\"og:availability\" content=\"instock\" \/>\n<meta property=\"product:availability\" content=\"instock\" \/>\n<meta property=\"product:condition\" content=\"new\" \/>\n<!-- \/ Yoast SEO plugin. -->","yoast_head_json":{"title":"Espelmes de mel - La Mel de l&#039;Avi Joan","description":"Espelmes artesanes de mel de La Mel de l\u2019Avi Joan. Aroma dol\u00e7 i natural, llum c\u00e0lida i formes \u00faniques fetes a m\u00e0. Una opci\u00f3 perfecta per decorar.","robots":{"index":"index","follow":"follow","max-snippet":"max-snippet:-1","max-image-preview":"max-image-preview:large","max-video-preview":"max-video-preview:-1"},"canonical":"https:\/\/lameldelavijoan.cat\/fr\/produit\/espelmes-de-mel\/","og_locale":"fr_FR","og_type":"article","og_title":"Espelmes de mel - La Mel de l&#039;Avi Joan","og_description":"Espelmes artesanes de mel de La Mel de l\u2019Avi Joan. Aroma dol\u00e7 i natural, llum c\u00e0lida i formes \u00faniques fetes a m\u00e0. Una opci\u00f3 perfecta per decorar.","og_url":"https:\/\/lameldelavijoan.cat\/fr\/produit\/espelmes-de-mel\/","og_site_name":"La Mel de l&#039;Avi Joan","article_modified_time":"2026-01-04T20:05:43+00:00","og_image":[{"width":600,"height":600,"url":"https:\/\/lameldelavijoan.cat\/wp-content\/uploads\/2026\/01\/esplema_mel.webp","type":"image\/webp"}],"twitter_card":"summary_large_image","twitter_misc":{"Disponibilit\u00e9":"En stock"},"schema":{"@context":"https:\/\/schema.org","@graph":[{"@type":"WebPage","@id":"https:\/\/lameldelavijoan.cat\/producte\/espelmes-de-mel\/","url":"https:\/\/lameldelavijoan.cat\/producte\/espelmes-de-mel\/","name":"Espelmes de mel - La Mel de l&#039;Avi Joan","isPartOf":{"@id":"https:\/\/lameldelavijoan.cat\/#website"},"primaryImageOfPage":{"@id":"https:\/\/lameldelavijoan.cat\/producte\/espelmes-de-mel\/#primaryimage"},"image":{"@id":"https:\/\/lameldelavijoan.cat\/producte\/espelmes-de-mel\/#primaryimage"},"thumbnailUrl":"https:\/\/lameldelavijoan.cat\/wp-content\/uploads\/2026\/01\/esplema_mel.webp","datePublished":"2025-10-05T13:32:30+00:00","dateModified":"2026-01-04T20:05:43+00:00","description":"Espelmes artesanes de mel de La Mel de l\u2019Avi Joan. Aroma dol\u00e7 i natural, llum c\u00e0lida i formes \u00faniques fetes a m\u00e0. Una opci\u00f3 perfecta per decorar.","breadcrumb":{"@id":"https:\/\/lameldelavijoan.cat\/producte\/espelmes-de-mel\/#breadcrumb"},"inLanguage":"fr-FR","potentialAction":[{"@type":"ReadAction","target":["https:\/\/lameldelavijoan.cat\/producte\/espelmes-de-mel\/"]}]},{"@type":"ImageObject","inLanguage":"fr-FR","@id":"https:\/\/lameldelavijoan.cat\/producte\/espelmes-de-mel\/#primaryimage","url":"https:\/\/lameldelavijoan.cat\/wp-content\/uploads\/2026\/01\/esplema_mel.webp","contentUrl":"https:\/\/lameldelavijoan.cat\/wp-content\/uploads\/2026\/01\/esplema_mel.webp","width":600,"height":600},{"@type":"BreadcrumbList","@id":"https:\/\/lameldelavijoan.cat\/producte\/espelmes-de-mel\/#breadcrumb","itemListElement":[{"@type":"ListItem","position":1,"name":"Home","item":"https:\/\/lameldelavijoan.cat\/"},{"@type":"ListItem","position":2,"name":"Productes","item":"https:\/\/lameldelavijoan.cat\/botiga\/"},{"@type":"ListItem","position":3,"name":"Espelmes de mel"}]},{"@type":"WebSite","@id":"https:\/\/lameldelavijoan.cat\/#website","url":"https:\/\/lameldelavijoan.cat\/","name":"La Mel de l'Avi Joan","description":"La Mel de l&#039;Avi Joan - Mel artesana del Bergued\u00e0","publisher":{"@id":"https:\/\/lameldelavijoan.cat\/#organization"},"alternateName":"La Mel de l'Avi Joan","potentialAction":[{"@type":"SearchAction","target":{"@type":"EntryPoint","urlTemplate":"https:\/\/lameldelavijoan.cat\/?s={search_term_string}"},"query-input":{"@type":"PropertyValueSpecification","valueRequired":true,"valueName":"search_term_string"}}],"inLanguage":"fr-FR"},{"@type":"Organization","@id":"https:\/\/lameldelavijoan.cat\/#organization","name":"La Mel de l'Avi Joan","url":"https:\/\/lameldelavijoan.cat\/","logo":{"@type":"ImageObject","inLanguage":"fr-FR","@id":"https:\/\/lameldelavijoan.cat\/#\/schema\/logo\/image\/","url":"https:\/\/lameldelavijoan.cat\/wp-content\/uploads\/2025\/09\/Grafics.ai-3.png","contentUrl":"https:\/\/lameldelavijoan.cat\/wp-content\/uploads\/2025\/09\/Grafics.ai-3.png","width":84,"height":74,"caption":"La Mel de l'Avi Joan"},"image":{"@id":"https:\/\/lameldelavijoan.cat\/#\/schema\/logo\/image\/"}}]},"og_availability":"instock","product_availability":"instock","product_condition":"new"},"_links":{"self":[{"href":"https:\/\/lameldelavijoan.cat\/fr\/wp-json\/wp\/v2\/product\/25974734","targetHints":{"allow":["GET"]}}],"collection":[{"href":"https:\/\/lameldelavijoan.cat\/fr\/wp-json\/wp\/v2\/product"}],"about":[{"href":"https:\/\/lameldelavijoan.cat\/fr\/wp-json\/wp\/v2\/types\/product"}],"wp:featuredmedia":[{"embeddable":true,"href":"https:\/\/lameldelavijoan.cat\/fr\/wp-json\/wp\/v2\/media\/25975260"}],"wp:attachment":[{"href":"https:\/\/lameldelavijoan.cat\/fr\/wp-json\/wp\/v2\/media?parent=25974734"}],"wp:term":[{"taxonomy":"product_brand","embeddable":true,"href":"https:\/\/lameldelavijoan.cat\/fr\/wp-json\/wp\/v2\/product_brand?post=25974734"},{"taxonomy":"product_cat","embeddable":true,"href":"https:\/\/lameldelavijoan.cat\/fr\/wp-json\/wp\/v2\/product_cat?post=25974734"},{"taxonomy":"product_tag","embeddable":true,"href":"https:\/\/lameldelavijoan.cat\/fr\/wp-json\/wp\/v2\/product_tag?post=25974734"}],"curies":[{"name":"wp","href":"https:\/\/api.w.org\/{rel}","templated":true}]}}